{"id":8011,"date":"2024-01-03T10:52:12","date_gmt":"2024-01-03T10:52:12","guid":{"rendered":"https:\/\/www.felicicat.cat\/blog-dempresa-i-benestar\/"},"modified":"2024-04-05T18:24:29","modified_gmt":"2024-04-05T18:24:29","slug":"blog-dempresa-i-benestar","status":"publish","type":"page","link":"https:\/\/www.felicicat.cat\/es\/blogs\/blog-dempresa-i-benestar\/","title":{"rendered":"Blog de empresa y bienestar"},"content":{"rendered":"<div class=\"wpb-content-wrapper\">[vc_row full_width=\u00bbstretch_row\u00bb remove_bottom_col_margin=\u00bbtrue\u00bb css=\u00bb.vc_custom_1701678492324{padding-top: 4% !important;padding-bottom: 4% !important;background-color: #f6f6f6 !important;}\u00bb][vc_column]<style>.vcex-heading.vcex_69f13065768f4{font-size:25px;font-weight:700;}<\/style><h2 class=\"vcex-heading vcex-heading-plain vcex-module wpex-heading wpex-text-2xl wpex-text-center vcex_69f13065768f4\"><span class=\"vcex-heading-inner wpex-inline-block\">Empresa y Bienestar<\/span><\/h2><style> style=\"height:15px;\"<\/style><div class=\"vcex-spacing wpex-w-100 wpex-clear\" style=\"height:15px;\"><\/div>[vc_column_text text_align=\u00bbcenter\u00bb]\n<h4>La secci\u00f3n en la que se exponen contenidos asociados al bienestar organizacional y social de empresas catalanas y\/o que operan en Catalu\u00f1a.<\/h4>\n<p class=\"\">Contenidos expuestos en el marco de la colaboraci\u00f3n con el Instituto Catal\u00e1n de la Felicidad, actuando como partner informativo de <strong>Via Empresa<\/strong> . <strong>Catalu\u00f1a es un territorio donde se innova y se invierte en el bienestar de las personas<\/strong> . Debemos comunicarlo y hacer llegar estos contenidos positivos a particulares y profesionales.<\/p>\n[\/vc_column_text][\/vc_column][\/vc_row][vc_section full_width=\u00bbstretch_row_content\u00bb css=\u00bb.vc_custom_1704278639718{padding-top: 7% !important;padding-bottom: 4% !important;}\u00bb][vc_row][vc_column]<div class=\"vcex-module vcex-blog-grid-wrap wpex-clr\"><div class=\"wpex-row vcex-blog-grid wpex-clr entries match-height-grid\"><div class=\"vcex-blog-entry vcex-grid-item entry-has-details span_1_of_4 col-1 col textleft post-15566 entry type-post has-media cat-343 translation_priority-98\"><div class=\"vcex-blog-entry-inner entry-inner wpex-first-mt-0 wpex-last-mb-0 wpex-clr\"><div class=\"vcex-blog-entry-media entry-media\"><a href=\"https:\/\/www.felicicat.cat\/es\/monday-oficines-pensades-a-catalunya-per-convertir-el-dilluns-en-oportunitats\/\" title=\"Monday, oficinas pensadas en Catalunya para convertir el lunes en oportunidades\"><img width=\"800\" height=\"450\" src=\"https:\/\/www.felicicat.cat\/wp-content\/uploads\/2026\/01\/xavi-bassons-cofundador-y-ceo-de-monday-Via-Empresa.jpg\" class=\"vcex-blog-entry-img wpex-align-middle\" alt=\"Imatge del fundador de Monday, Xavi Bassons\" loading=\"lazy\" decoding=\"async\" srcset=\"https:\/\/www.felicicat.cat\/wp-content\/uploads\/2026\/01\/xavi-bassons-cofundador-y-ceo-de-monday-Via-Empresa.jpg 800w, https:\/\/www.felicicat.cat\/wp-content\/uploads\/2026\/01\/xavi-bassons-cofundador-y-ceo-de-monday-Via-Empresa-300x169.jpg 300w, https:\/\/www.felicicat.cat\/wp-content\/uploads\/2026\/01\/xavi-bassons-cofundador-y-ceo-de-monday-Via-Empresa-768x432.jpg 768w, https:\/\/www.felicicat.cat\/wp-content\/uploads\/2026\/01\/xavi-bassons-cofundador-y-ceo-de-monday-Via-Empresa-600x338.jpg 600w, https:\/\/www.felicicat.cat\/wp-content\/uploads\/2026\/01\/xavi-bassons-cofundador-y-ceo-de-monday-Via-Empresa-700x394.jpg 700w, https:\/\/www.felicicat.cat\/wp-content\/uploads\/2026\/01\/xavi-bassons-cofundador-y-ceo-de-monday-Via-Empresa-350x197.jpg 350w\" sizes=\"(max-width: 800px) 100vw, 800px\" \/><\/a><\/div><div class=\"vcex-blog-entry-details entry-details wpex-bordered wpex-first-mt-0 wpex-last-mb-0 wpex-clr\"><div class=\"match-height-content\"><h2 class=\"vcex-blog-entry-title entry-title wpex-mb-5\" style=\"font-size:20px;\"><a href=\"https:\/\/www.felicicat.cat\/es\/monday-oficines-pensades-a-catalunya-per-convertir-el-dilluns-en-oportunitats\/\">Monday, oficinas pensadas en Catalunya para convertir el lunes en oportunidades<\/a><\/h2><div class=\"vcex-blog-entry-date entry-date wpex-text-sm wpex-text-3 wpex-mb-5\">09\/01\/2026<\/div><div class=\"vcex-blog-entry-excerpt entry-excerpt wpex-my-15 wpex-last-mb-0 wpex-clr\"><p>La empresa da servicio a unos 5.000 usuarios en sus 13 oficinas flexibles de toda&hellip;<\/p><\/div><div class=\"vcex-blog-entry-readmore-wrap entry-readmore-wrap wpex-my-15 wpex-clr\"><a href=\"https:\/\/www.felicicat.cat\/es\/monday-oficines-pensades-a-catalunya-per-convertir-el-dilluns-en-oportunitats\/\" class=\"theme-button\" aria-label=\"Leer m\u00e1s about Monday, oficinas pensadas en Catalunya para convertir el lunes en oportunidades\">Leer m\u00e1s <span class=\"vcex-readmore-rarr\">&rarr;<\/span><\/a><\/div><\/div><\/div><\/div><\/div><div class=\"vcex-blog-entry vcex-grid-item entry-has-details span_1_of_4 col-2 col textleft post-15268 entry type-post has-media cat-343 translation_priority-98\"><div class=\"vcex-blog-entry-inner entry-inner wpex-first-mt-0 wpex-last-mb-0 wpex-clr\"><div class=\"vcex-blog-entry-media entry-media\"><a href=\"https:\/\/www.felicicat.cat\/es\/la-ambicion-de-awayter-de-ofrecer-cantinas-saludables-a-sacudir-el-sector-industrial-catalan\/\" title=\"Fundaci\u00f3 Leitat, M\u00fatuaTerrassa y la Cambra de Terrassa lanzan el programa RHIA-VO\"><img width=\"775\" height=\"560\" src=\"https:\/\/www.felicicat.cat\/wp-content\/uploads\/2025\/10\/LHospital-Universitari-MutuaTerrassa-MutuaTerrassa.jpg\" class=\"vcex-blog-entry-img wpex-align-middle\" alt=\"L&#039;Hospital Universitari M\u00fatuaTerrassa | M\u00fatuaTerrassa\" loading=\"lazy\" decoding=\"async\" srcset=\"https:\/\/www.felicicat.cat\/wp-content\/uploads\/2025\/10\/LHospital-Universitari-MutuaTerrassa-MutuaTerrassa.jpg 775w, https:\/\/www.felicicat.cat\/wp-content\/uploads\/2025\/10\/LHospital-Universitari-MutuaTerrassa-MutuaTerrassa-300x217.jpg 300w, https:\/\/www.felicicat.cat\/wp-content\/uploads\/2025\/10\/LHospital-Universitari-MutuaTerrassa-MutuaTerrassa-768x555.jpg 768w, https:\/\/www.felicicat.cat\/wp-content\/uploads\/2025\/10\/LHospital-Universitari-MutuaTerrassa-MutuaTerrassa-600x434.jpg 600w, https:\/\/www.felicicat.cat\/wp-content\/uploads\/2025\/10\/LHospital-Universitari-MutuaTerrassa-MutuaTerrassa-700x506.jpg 700w, https:\/\/www.felicicat.cat\/wp-content\/uploads\/2025\/10\/LHospital-Universitari-MutuaTerrassa-MutuaTerrassa-350x253.jpg 350w\" sizes=\"(max-width: 775px) 100vw, 775px\" \/><\/a><\/div><div class=\"vcex-blog-entry-details entry-details wpex-bordered wpex-first-mt-0 wpex-last-mb-0 wpex-clr\"><div class=\"match-height-content\"><h2 class=\"vcex-blog-entry-title entry-title wpex-mb-5\" style=\"font-size:20px;\"><a href=\"https:\/\/www.felicicat.cat\/es\/la-ambicion-de-awayter-de-ofrecer-cantinas-saludables-a-sacudir-el-sector-industrial-catalan\/\">Fundaci\u00f3 Leitat, M\u00fatuaTerrassa y la Cambra de Terrassa lanzan el programa RHIA-VO<\/a><\/h2><div class=\"vcex-blog-entry-date entry-date wpex-text-sm wpex-text-3 wpex-mb-5\">30\/10\/2025<\/div><div class=\"vcex-blog-entry-excerpt entry-excerpt wpex-my-15 wpex-last-mb-0 wpex-clr\"><p>El objetivo del programa es impulsar la integraci\u00f3n efectiva de soluciones de inteligencia artificial (IA)&hellip;<\/p><\/div><div class=\"vcex-blog-entry-readmore-wrap entry-readmore-wrap wpex-my-15 wpex-clr\"><a href=\"https:\/\/www.felicicat.cat\/es\/la-ambicion-de-awayter-de-ofrecer-cantinas-saludables-a-sacudir-el-sector-industrial-catalan\/\" class=\"theme-button\" aria-label=\"Leer m\u00e1s about Fundaci\u00f3 Leitat, M\u00fatuaTerrassa y la Cambra de Terrassa lanzan el programa RHIA-VO\">Leer m\u00e1s <span class=\"vcex-readmore-rarr\">&rarr;<\/span><\/a><\/div><\/div><\/div><\/div><\/div><div class=\"vcex-blog-entry vcex-grid-item entry-has-details span_1_of_4 col-3 col textleft post-15088 entry type-post has-media cat-343 translation_priority-98\"><div class=\"vcex-blog-entry-inner entry-inner wpex-first-mt-0 wpex-last-mb-0 wpex-clr\"><div class=\"vcex-blog-entry-media entry-media\"><a href=\"https:\/\/www.felicicat.cat\/es\/awayter-ofrecer-cantines-saludables-sacudir-el-sector-industrial-catalan\/\" title=\"La ambici\u00f3n de Awayter: de ofrecer cantinas saludables a sacudir el sector industrial catal\u00e1n\"><img width=\"800\" height=\"450\" src=\"https:\/\/www.felicicat.cat\/wp-content\/uploads\/2025\/09\/awayter-set25_53_800x450.jpg\" class=\"vcex-blog-entry-img wpex-align-middle\" alt=\"El equipo de Awayter inicia el nuevo curso con un pr\u00f3xim reto en \u00c1msterdam: la IoT Tech Expo 2025 | Cedida\" loading=\"lazy\" decoding=\"async\" srcset=\"https:\/\/www.felicicat.cat\/wp-content\/uploads\/2025\/09\/awayter-set25_53_800x450.jpg 800w, https:\/\/www.felicicat.cat\/wp-content\/uploads\/2025\/09\/awayter-set25_53_800x450-300x169.jpg 300w, https:\/\/www.felicicat.cat\/wp-content\/uploads\/2025\/09\/awayter-set25_53_800x450-768x432.jpg 768w, https:\/\/www.felicicat.cat\/wp-content\/uploads\/2025\/09\/awayter-set25_53_800x450-600x338.jpg 600w, https:\/\/www.felicicat.cat\/wp-content\/uploads\/2025\/09\/awayter-set25_53_800x450-700x394.jpg 700w, https:\/\/www.felicicat.cat\/wp-content\/uploads\/2025\/09\/awayter-set25_53_800x450-350x197.jpg 350w\" sizes=\"(max-width: 800px) 100vw, 800px\" \/><\/a><\/div><div class=\"vcex-blog-entry-details entry-details wpex-bordered wpex-first-mt-0 wpex-last-mb-0 wpex-clr\"><div class=\"match-height-content\"><h2 class=\"vcex-blog-entry-title entry-title wpex-mb-5\" style=\"font-size:20px;\"><a href=\"https:\/\/www.felicicat.cat\/es\/awayter-ofrecer-cantines-saludables-sacudir-el-sector-industrial-catalan\/\">La ambici\u00f3n de Awayter: de ofrecer cantinas saludables a sacudir el sector industrial catal\u00e1n<\/a><\/h2><div class=\"vcex-blog-entry-date entry-date wpex-text-sm wpex-text-3 wpex-mb-5\">02\/09\/2025<\/div><div class=\"vcex-blog-entry-excerpt entry-excerpt wpex-my-15 wpex-last-mb-0 wpex-clr\"><p>La compa\u00f1\u00eda, establecida en Vic, ha impulsado una plataforma de software destinada a fabricantes de&hellip;<\/p><\/div><div class=\"vcex-blog-entry-readmore-wrap entry-readmore-wrap wpex-my-15 wpex-clr\"><a href=\"https:\/\/www.felicicat.cat\/es\/awayter-ofrecer-cantines-saludables-sacudir-el-sector-industrial-catalan\/\" class=\"theme-button\" aria-label=\"Leer m\u00e1s about La ambici\u00f3n de Awayter: de ofrecer cantinas saludables a sacudir el sector industrial catal\u00e1n\">Leer m\u00e1s <span class=\"vcex-readmore-rarr\">&rarr;<\/span><\/a><\/div><\/div><\/div><\/div><\/div><div class=\"vcex-blog-entry vcex-grid-item entry-has-details span_1_of_4 col-4 col textleft post-14671 entry type-post has-media cat-343 translation_priority-98\"><div class=\"vcex-blog-entry-inner entry-inner wpex-first-mt-0 wpex-last-mb-0 wpex-clr\"><div class=\"vcex-blog-entry-media entry-media\"><a href=\"https:\/\/www.felicicat.cat\/es\/cuantum-medical-el-superglue-catalan-para-suturar-heridas\/\" title=\"Cuantum Medical, el \u2018superglue\u2019 catal\u00e1n para suturar heridas\"><img width=\"800\" height=\"450\" src=\"https:\/\/www.felicicat.cat\/wp-content\/uploads\/2025\/06\/1000027390_53_800x450.jpg\" class=\"vcex-blog-entry-img wpex-align-middle\" alt=\"\" loading=\"lazy\" decoding=\"async\" srcset=\"https:\/\/www.felicicat.cat\/wp-content\/uploads\/2025\/06\/1000027390_53_800x450.jpg 800w, https:\/\/www.felicicat.cat\/wp-content\/uploads\/2025\/06\/1000027390_53_800x450-300x169.jpg 300w, https:\/\/www.felicicat.cat\/wp-content\/uploads\/2025\/06\/1000027390_53_800x450-768x432.jpg 768w, https:\/\/www.felicicat.cat\/wp-content\/uploads\/2025\/06\/1000027390_53_800x450-600x338.jpg 600w, https:\/\/www.felicicat.cat\/wp-content\/uploads\/2025\/06\/1000027390_53_800x450-700x394.jpg 700w, https:\/\/www.felicicat.cat\/wp-content\/uploads\/2025\/06\/1000027390_53_800x450-350x197.jpg 350w\" sizes=\"(max-width: 800px) 100vw, 800px\" \/><\/a><\/div><div class=\"vcex-blog-entry-details entry-details wpex-bordered wpex-first-mt-0 wpex-last-mb-0 wpex-clr\"><div class=\"match-height-content\"><h2 class=\"vcex-blog-entry-title entry-title wpex-mb-5\" style=\"font-size:20px;\"><a href=\"https:\/\/www.felicicat.cat\/es\/cuantum-medical-el-superglue-catalan-para-suturar-heridas\/\">Cuantum Medical, el \u2018superglue\u2019 catal\u00e1n para suturar heridas<\/a><\/h2><div class=\"vcex-blog-entry-date entry-date wpex-text-sm wpex-text-3 wpex-mb-5\">01\/07\/2025<\/div><div class=\"vcex-blog-entry-excerpt entry-excerpt wpex-my-15 wpex-last-mb-0 wpex-clr\"><p>La empresa asentada en el PRUAB desarrolla unos adhesivos l\u00edquidos con aplicaciones medicinales que mejoran&hellip;<\/p><\/div><div class=\"vcex-blog-entry-readmore-wrap entry-readmore-wrap wpex-my-15 wpex-clr\"><a href=\"https:\/\/www.felicicat.cat\/es\/cuantum-medical-el-superglue-catalan-para-suturar-heridas\/\" class=\"theme-button\" aria-label=\"Leer m\u00e1s about Cuantum Medical, el \u2018superglue\u2019 catal\u00e1n para suturar heridas\">Leer m\u00e1s <span class=\"vcex-readmore-rarr\">&rarr;<\/span><\/a><\/div><\/div><\/div><\/div><\/div><div class=\"vcex-blog-entry vcex-grid-item entry-has-details span_1_of_4 col-1 col textleft post-14291 entry type-post has-media cat-343 translation_priority-98\"><div class=\"vcex-blog-entry-inner entry-inner wpex-first-mt-0 wpex-last-mb-0 wpex-clr\"><div class=\"vcex-blog-entry-media entry-media\"><a href=\"https:\/\/www.felicicat.cat\/es\/afepasa-cuidando-la-agricultura-en-todo-el-mundo-desde-constanti\/\" title=\"Afepasa, cuidando la agricultura en todo el mundo desde Constant\u00ed\"><img width=\"800\" height=\"450\" src=\"https:\/\/www.felicicat.cat\/wp-content\/uploads\/2025\/06\/ecc46ec403365ad5e1232d635d80a3f016ee5f88_53_800x450.jpg\" class=\"vcex-blog-entry-img wpex-align-middle\" alt=\"\" loading=\"lazy\" decoding=\"async\" srcset=\"https:\/\/www.felicicat.cat\/wp-content\/uploads\/2025\/06\/ecc46ec403365ad5e1232d635d80a3f016ee5f88_53_800x450.jpg 800w, https:\/\/www.felicicat.cat\/wp-content\/uploads\/2025\/06\/ecc46ec403365ad5e1232d635d80a3f016ee5f88_53_800x450-300x169.jpg 300w, https:\/\/www.felicicat.cat\/wp-content\/uploads\/2025\/06\/ecc46ec403365ad5e1232d635d80a3f016ee5f88_53_800x450-768x432.jpg 768w, https:\/\/www.felicicat.cat\/wp-content\/uploads\/2025\/06\/ecc46ec403365ad5e1232d635d80a3f016ee5f88_53_800x450-600x338.jpg 600w, https:\/\/www.felicicat.cat\/wp-content\/uploads\/2025\/06\/ecc46ec403365ad5e1232d635d80a3f016ee5f88_53_800x450-700x394.jpg 700w, https:\/\/www.felicicat.cat\/wp-content\/uploads\/2025\/06\/ecc46ec403365ad5e1232d635d80a3f016ee5f88_53_800x450-350x197.jpg 350w\" sizes=\"(max-width: 800px) 100vw, 800px\" \/><\/a><\/div><div class=\"vcex-blog-entry-details entry-details wpex-bordered wpex-first-mt-0 wpex-last-mb-0 wpex-clr\"><div class=\"match-height-content\"><h2 class=\"vcex-blog-entry-title entry-title wpex-mb-5\" style=\"font-size:20px;\"><a href=\"https:\/\/www.felicicat.cat\/es\/afepasa-cuidando-la-agricultura-en-todo-el-mundo-desde-constanti\/\">Afepasa, cuidando la agricultura en todo el mundo desde Constant\u00ed<\/a><\/h2><div class=\"vcex-blog-entry-date entry-date wpex-text-sm wpex-text-3 wpex-mb-5\">10\/06\/2025<\/div><div class=\"vcex-blog-entry-excerpt entry-excerpt wpex-my-15 wpex-last-mb-0 wpex-clr\"><p>Afepasa naci\u00f3 en el siglo XIX como distribuidor de azufre para el cuidado agr\u00edcola y&hellip;<\/p><\/div><div class=\"vcex-blog-entry-readmore-wrap entry-readmore-wrap wpex-my-15 wpex-clr\"><a href=\"https:\/\/www.felicicat.cat\/es\/afepasa-cuidando-la-agricultura-en-todo-el-mundo-desde-constanti\/\" class=\"theme-button\" aria-label=\"Leer m\u00e1s about Afepasa, cuidando la agricultura en todo el mundo desde Constant\u00ed\">Leer m\u00e1s <span class=\"vcex-readmore-rarr\">&rarr;<\/span><\/a><\/div><\/div><\/div><\/div><\/div><div class=\"vcex-blog-entry vcex-grid-item entry-has-details span_1_of_4 col-2 col textleft post-13939 entry type-post has-media cat-343 translation_priority-98\"><div class=\"vcex-blog-entry-inner entry-inner wpex-first-mt-0 wpex-last-mb-0 wpex-clr\"><div class=\"vcex-blog-entry-media entry-media\"><a href=\"https:\/\/www.felicicat.cat\/es\/el-cambio-laboral-que-esperaba-el-colectivo-lgtbi\/\" title=\"El cambio laboral que esperaba el colectivo LGTBI\"><img width=\"800\" height=\"450\" src=\"https:\/\/www.felicicat.cat\/wp-content\/uploads\/2025\/04\/4-de-cada-10-persones-lgtbi-tornen-a-l-armari-a-la-feina_53_800x450.jpeg\" class=\"vcex-blog-entry-img wpex-align-middle\" alt=\"\" loading=\"lazy\" decoding=\"async\" srcset=\"https:\/\/www.felicicat.cat\/wp-content\/uploads\/2025\/04\/4-de-cada-10-persones-lgtbi-tornen-a-l-armari-a-la-feina_53_800x450.jpeg 800w, https:\/\/www.felicicat.cat\/wp-content\/uploads\/2025\/04\/4-de-cada-10-persones-lgtbi-tornen-a-l-armari-a-la-feina_53_800x450-300x169.jpeg 300w, https:\/\/www.felicicat.cat\/wp-content\/uploads\/2025\/04\/4-de-cada-10-persones-lgtbi-tornen-a-l-armari-a-la-feina_53_800x450-768x432.jpeg 768w, https:\/\/www.felicicat.cat\/wp-content\/uploads\/2025\/04\/4-de-cada-10-persones-lgtbi-tornen-a-l-armari-a-la-feina_53_800x450-600x338.jpeg 600w, https:\/\/www.felicicat.cat\/wp-content\/uploads\/2025\/04\/4-de-cada-10-persones-lgtbi-tornen-a-l-armari-a-la-feina_53_800x450-700x394.jpeg 700w, https:\/\/www.felicicat.cat\/wp-content\/uploads\/2025\/04\/4-de-cada-10-persones-lgtbi-tornen-a-l-armari-a-la-feina_53_800x450-350x197.jpeg 350w\" sizes=\"(max-width: 800px) 100vw, 800px\" \/><\/a><\/div><div class=\"vcex-blog-entry-details entry-details wpex-bordered wpex-first-mt-0 wpex-last-mb-0 wpex-clr\"><div class=\"match-height-content\"><h2 class=\"vcex-blog-entry-title entry-title wpex-mb-5\" style=\"font-size:20px;\"><a href=\"https:\/\/www.felicicat.cat\/es\/el-cambio-laboral-que-esperaba-el-colectivo-lgtbi\/\">El cambio laboral que esperaba el colectivo LGTBI<\/a><\/h2><div class=\"vcex-blog-entry-date entry-date wpex-text-sm wpex-text-3 wpex-mb-5\">16\/04\/2025<\/div><div class=\"vcex-blog-entry-excerpt entry-excerpt wpex-my-15 wpex-last-mb-0 wpex-clr\"><p>Desde este jueves 10 de abril, las empresas con m\u00e1s de 50 trabajadores est\u00e1n obligadas&hellip;<\/p><\/div><div class=\"vcex-blog-entry-readmore-wrap entry-readmore-wrap wpex-my-15 wpex-clr\"><a href=\"https:\/\/www.felicicat.cat\/es\/el-cambio-laboral-que-esperaba-el-colectivo-lgtbi\/\" class=\"theme-button\" aria-label=\"Leer m\u00e1s about El cambio laboral que esperaba el colectivo LGTBI\">Leer m\u00e1s <span class=\"vcex-readmore-rarr\">&rarr;<\/span><\/a><\/div><\/div><\/div><\/div><\/div><div class=\"vcex-blog-entry vcex-grid-item entry-has-details span_1_of_4 col-3 col textleft post-13710 entry type-post has-media cat-343 translation_priority-98\"><div class=\"vcex-blog-entry-inner entry-inner wpex-first-mt-0 wpex-last-mb-0 wpex-clr\"><div class=\"vcex-blog-entry-media entry-media\"><a href=\"https:\/\/www.felicicat.cat\/es\/barcelona-impulsa-la-revolucion-digital-en-la-nutricion-con-my-luno\/\" title=\"Barcelona impulsa la revoluci\u00f3n digital en la nutrici\u00f3n con My Luno\"><img width=\"722\" height=\"409\" src=\"https:\/\/www.felicicat.cat\/wp-content\/uploads\/2025\/03\/el-ceo-i-fundador-de-my-luno.jpeg\" class=\"vcex-blog-entry-img wpex-align-middle\" alt=\"\" loading=\"lazy\" decoding=\"async\" srcset=\"https:\/\/www.felicicat.cat\/wp-content\/uploads\/2025\/03\/el-ceo-i-fundador-de-my-luno.jpeg 722w, https:\/\/www.felicicat.cat\/wp-content\/uploads\/2025\/03\/el-ceo-i-fundador-de-my-luno-300x170.jpeg 300w, https:\/\/www.felicicat.cat\/wp-content\/uploads\/2025\/03\/el-ceo-i-fundador-de-my-luno-600x340.jpeg 600w, https:\/\/www.felicicat.cat\/wp-content\/uploads\/2025\/03\/el-ceo-i-fundador-de-my-luno-700x397.jpeg 700w, https:\/\/www.felicicat.cat\/wp-content\/uploads\/2025\/03\/el-ceo-i-fundador-de-my-luno-350x198.jpeg 350w\" sizes=\"(max-width: 722px) 100vw, 722px\" \/><\/a><\/div><div class=\"vcex-blog-entry-details entry-details wpex-bordered wpex-first-mt-0 wpex-last-mb-0 wpex-clr\"><div class=\"match-height-content\"><h2 class=\"vcex-blog-entry-title entry-title wpex-mb-5\" style=\"font-size:20px;\"><a href=\"https:\/\/www.felicicat.cat\/es\/barcelona-impulsa-la-revolucion-digital-en-la-nutricion-con-my-luno\/\">Barcelona impulsa la revoluci\u00f3n digital en la nutrici\u00f3n con My Luno<\/a><\/h2><div class=\"vcex-blog-entry-date entry-date wpex-text-sm wpex-text-3 wpex-mb-5\">17\/03\/2025<\/div><div class=\"vcex-blog-entry-excerpt entry-excerpt wpex-my-15 wpex-last-mb-0 wpex-clr\"><p>La startup catalana busca ayudar a los profesionales de la nutrici\u00f3n a mejorar la eficiencia&hellip;<\/p><\/div><div class=\"vcex-blog-entry-readmore-wrap entry-readmore-wrap wpex-my-15 wpex-clr\"><a href=\"https:\/\/www.felicicat.cat\/es\/barcelona-impulsa-la-revolucion-digital-en-la-nutricion-con-my-luno\/\" class=\"theme-button\" aria-label=\"Leer m\u00e1s about Barcelona impulsa la revoluci\u00f3n digital en la nutrici\u00f3n con My Luno\">Leer m\u00e1s <span class=\"vcex-readmore-rarr\">&rarr;<\/span><\/a><\/div><\/div><\/div><\/div><\/div><div class=\"vcex-blog-entry vcex-grid-item entry-has-details span_1_of_4 col-4 col textleft post-13460 entry type-post has-media cat-343 translation_priority-98\"><div class=\"vcex-blog-entry-inner entry-inner wpex-first-mt-0 wpex-last-mb-0 wpex-clr\"><div class=\"vcex-blog-entry-media entry-media\"><a href=\"https:\/\/www.felicicat.cat\/es\/fotografia-de-los-hubs-techies-en-catalunya-crecen-y-facturan-mas-con-el-reto-de-la-igualdad\/\" title=\"Fotograf\u00eda de los hubs &#8216;techies&#8217; en Catalu\u00f1a: crecen y facturan m\u00e1s (con el reto de la igualdad)\"><img width=\"800\" height=\"450\" src=\"https:\/\/www.felicicat.cat\/wp-content\/uploads\/2025\/02\/presenta-tech-hubs-overview_53_800x450.jpeg\" class=\"vcex-blog-entry-img wpex-align-middle\" alt=\"\" loading=\"lazy\" decoding=\"async\" srcset=\"https:\/\/www.felicicat.cat\/wp-content\/uploads\/2025\/02\/presenta-tech-hubs-overview_53_800x450.jpeg 800w, https:\/\/www.felicicat.cat\/wp-content\/uploads\/2025\/02\/presenta-tech-hubs-overview_53_800x450-300x169.jpeg 300w, https:\/\/www.felicicat.cat\/wp-content\/uploads\/2025\/02\/presenta-tech-hubs-overview_53_800x450-768x432.jpeg 768w, https:\/\/www.felicicat.cat\/wp-content\/uploads\/2025\/02\/presenta-tech-hubs-overview_53_800x450-600x338.jpeg 600w, https:\/\/www.felicicat.cat\/wp-content\/uploads\/2025\/02\/presenta-tech-hubs-overview_53_800x450-700x394.jpeg 700w, https:\/\/www.felicicat.cat\/wp-content\/uploads\/2025\/02\/presenta-tech-hubs-overview_53_800x450-350x197.jpeg 350w\" sizes=\"(max-width: 800px) 100vw, 800px\" \/><\/a><\/div><div class=\"vcex-blog-entry-details entry-details wpex-bordered wpex-first-mt-0 wpex-last-mb-0 wpex-clr\"><div class=\"match-height-content\"><h2 class=\"vcex-blog-entry-title entry-title wpex-mb-5\" style=\"font-size:20px;\"><a href=\"https:\/\/www.felicicat.cat\/es\/fotografia-de-los-hubs-techies-en-catalunya-crecen-y-facturan-mas-con-el-reto-de-la-igualdad\/\">Fotograf\u00eda de los hubs &#8216;techies&#8217; en Catalu\u00f1a: crecen y facturan m\u00e1s (con el reto de la igualdad)<\/a><\/h2><div class=\"vcex-blog-entry-date entry-date wpex-text-sm wpex-text-3 wpex-mb-5\">24\/02\/2025<\/div><div class=\"vcex-blog-entry-excerpt entry-excerpt wpex-my-15 wpex-last-mb-0 wpex-clr\"><p>MWCapital publica la tercera edici\u00f3n del 'Tech Hubs Overview' con unos datos que \"vuelven a&hellip;<\/p><\/div><div class=\"vcex-blog-entry-readmore-wrap entry-readmore-wrap wpex-my-15 wpex-clr\"><a href=\"https:\/\/www.felicicat.cat\/es\/fotografia-de-los-hubs-techies-en-catalunya-crecen-y-facturan-mas-con-el-reto-de-la-igualdad\/\" class=\"theme-button\" aria-label=\"Leer m\u00e1s about Fotograf\u00eda de los hubs &#8216;techies&#8217; en Catalu\u00f1a: crecen y facturan m\u00e1s (con el reto de la igualdad)\">Leer m\u00e1s <span class=\"vcex-readmore-rarr\">&rarr;<\/span><\/a><\/div><\/div><\/div><\/div><\/div><div class=\"vcex-blog-entry vcex-grid-item entry-has-details span_1_of_4 col-1 col textleft post-13047 entry type-post has-media cat-343 translation_priority-98\"><div class=\"vcex-blog-entry-inner entry-inner wpex-first-mt-0 wpex-last-mb-0 wpex-clr\"><div class=\"vcex-blog-entry-media entry-media\"><a href=\"https:\/\/www.felicicat.cat\/es\/grillco-la-harina-de-grillos-catalanes-y-la-revolucion-sostenible-de-la-nutricion\/\" title=\"Grillco, la harina de grillos catalanes y la revoluci\u00f3n sostenible de la nutrici\u00f3n\"><img width=\"800\" height=\"450\" src=\"https:\/\/www.felicicat.cat\/wp-content\/uploads\/2025\/01\/303114b4-00e1-4c00-b782-4c2aed9ead95_53_800x450.jpeg\" class=\"vcex-blog-entry-img wpex-align-middle\" alt=\"\" loading=\"lazy\" decoding=\"async\" srcset=\"https:\/\/www.felicicat.cat\/wp-content\/uploads\/2025\/01\/303114b4-00e1-4c00-b782-4c2aed9ead95_53_800x450.jpeg 800w, https:\/\/www.felicicat.cat\/wp-content\/uploads\/2025\/01\/303114b4-00e1-4c00-b782-4c2aed9ead95_53_800x450-300x169.jpeg 300w, https:\/\/www.felicicat.cat\/wp-content\/uploads\/2025\/01\/303114b4-00e1-4c00-b782-4c2aed9ead95_53_800x450-768x432.jpeg 768w, https:\/\/www.felicicat.cat\/wp-content\/uploads\/2025\/01\/303114b4-00e1-4c00-b782-4c2aed9ead95_53_800x450-600x338.jpeg 600w, https:\/\/www.felicicat.cat\/wp-content\/uploads\/2025\/01\/303114b4-00e1-4c00-b782-4c2aed9ead95_53_800x450-700x394.jpeg 700w, https:\/\/www.felicicat.cat\/wp-content\/uploads\/2025\/01\/303114b4-00e1-4c00-b782-4c2aed9ead95_53_800x450-350x197.jpeg 350w\" sizes=\"(max-width: 800px) 100vw, 800px\" \/><\/a><\/div><div class=\"vcex-blog-entry-details entry-details wpex-bordered wpex-first-mt-0 wpex-last-mb-0 wpex-clr\"><div class=\"match-height-content\"><h2 class=\"vcex-blog-entry-title entry-title wpex-mb-5\" style=\"font-size:20px;\"><a href=\"https:\/\/www.felicicat.cat\/es\/grillco-la-harina-de-grillos-catalanes-y-la-revolucion-sostenible-de-la-nutricion\/\">Grillco, la harina de grillos catalanes y la revoluci\u00f3n sostenible de la nutrici\u00f3n<\/a><\/h2><div class=\"vcex-blog-entry-date entry-date wpex-text-sm wpex-text-3 wpex-mb-5\">31\/01\/2025<\/div><div class=\"vcex-blog-entry-excerpt entry-excerpt wpex-my-15 wpex-last-mb-0 wpex-clr\"><p>Una granja en Seva con capacidad para criar diez millones de grillos es el coraz\u00f3n&hellip;<\/p><\/div><div class=\"vcex-blog-entry-readmore-wrap entry-readmore-wrap wpex-my-15 wpex-clr\"><a href=\"https:\/\/www.felicicat.cat\/es\/grillco-la-harina-de-grillos-catalanes-y-la-revolucion-sostenible-de-la-nutricion\/\" class=\"theme-button\" aria-label=\"Leer m\u00e1s about Grillco, la harina de grillos catalanes y la revoluci\u00f3n sostenible de la nutrici\u00f3n\">Leer m\u00e1s <span class=\"vcex-readmore-rarr\">&rarr;<\/span><\/a><\/div><\/div><\/div><\/div><\/div><div class=\"vcex-blog-entry vcex-grid-item entry-has-details span_1_of_4 col-2 col textleft post-12439 entry type-post has-media cat-343 translation_priority-98\"><div class=\"vcex-blog-entry-inner entry-inner wpex-first-mt-0 wpex-last-mb-0 wpex-clr\"><div class=\"vcex-blog-entry-media entry-media\"><a href=\"https:\/\/www.felicicat.cat\/es\/lafact-presenta-iniciativas-para-conmemorar-el-dia-internacional-de-las-personas-con-discapacidad\/\" title=\"LaFACT presenta iniciativas para conmemorar el D\u00eda Internacional de las Personas con Discapacidad\"><img width=\"640\" height=\"427\" src=\"https:\/\/www.felicicat.cat\/wp-content\/uploads\/2024\/12\/251-1.jpeg\" class=\"vcex-blog-entry-img wpex-align-middle\" alt=\"\" loading=\"lazy\" decoding=\"async\" srcset=\"https:\/\/www.felicicat.cat\/wp-content\/uploads\/2024\/12\/251-1.jpeg 640w, https:\/\/www.felicicat.cat\/wp-content\/uploads\/2024\/12\/251-1-300x200.jpeg 300w, https:\/\/www.felicicat.cat\/wp-content\/uploads\/2024\/12\/251-1-600x400.jpeg 600w, https:\/\/www.felicicat.cat\/wp-content\/uploads\/2024\/12\/251-1-350x234.jpeg 350w\" sizes=\"(max-width: 640px) 100vw, 640px\" \/><\/a><\/div><div class=\"vcex-blog-entry-details entry-details wpex-bordered wpex-first-mt-0 wpex-last-mb-0 wpex-clr\"><div class=\"match-height-content\"><h2 class=\"vcex-blog-entry-title entry-title wpex-mb-5\" style=\"font-size:20px;\"><a href=\"https:\/\/www.felicicat.cat\/es\/lafact-presenta-iniciativas-para-conmemorar-el-dia-internacional-de-las-personas-con-discapacidad\/\">LaFACT presenta iniciativas para conmemorar el D\u00eda Internacional de las Personas con Discapacidad<\/a><\/h2><div class=\"vcex-blog-entry-date entry-date wpex-text-sm wpex-text-3 wpex-mb-5\">02\/12\/2024<\/div><div class=\"vcex-blog-entry-excerpt entry-excerpt wpex-my-15 wpex-last-mb-0 wpex-clr\"><p>La inclusi\u00f3n social de personas con discapacidad intelectual es uno de los \u00e1mbitos de actuaci\u00f3n&hellip;<\/p><\/div><div class=\"vcex-blog-entry-readmore-wrap entry-readmore-wrap wpex-my-15 wpex-clr\"><a href=\"https:\/\/www.felicicat.cat\/es\/lafact-presenta-iniciativas-para-conmemorar-el-dia-internacional-de-las-personas-con-discapacidad\/\" class=\"theme-button\" aria-label=\"Leer m\u00e1s about LaFACT presenta iniciativas para conmemorar el D\u00eda Internacional de las Personas con Discapacidad\">Leer m\u00e1s <span class=\"vcex-readmore-rarr\">&rarr;<\/span><\/a><\/div><\/div><\/div><\/div><\/div><div class=\"vcex-blog-entry vcex-grid-item entry-has-details span_1_of_4 col-3 col textleft post-12316 entry type-post has-media cat-343 translation_priority-98\"><div class=\"vcex-blog-entry-inner entry-inner wpex-first-mt-0 wpex-last-mb-0 wpex-clr\"><div class=\"vcex-blog-entry-media entry-media\"><a href=\"https:\/\/www.felicicat.cat\/es\/dirci-explora-influencia-comunicacion-interna-en-experiencia-de-empleado\/\" title=\"DIRCI explora c\u00f3mo la comunicaci\u00f3n interna influye en la experiencia de empleado\"><img width=\"1920\" height=\"788\" src=\"https:\/\/www.felicicat.cat\/wp-content\/uploads\/2024\/11\/20241107dirci920.jpg\" class=\"vcex-blog-entry-img wpex-align-middle\" alt=\"\" loading=\"lazy\" decoding=\"async\" srcset=\"https:\/\/www.felicicat.cat\/wp-content\/uploads\/2024\/11\/20241107dirci920.jpg 1920w, https:\/\/www.felicicat.cat\/wp-content\/uploads\/2024\/11\/20241107dirci920-300x123.jpg 300w, https:\/\/www.felicicat.cat\/wp-content\/uploads\/2024\/11\/20241107dirci920-1024x420.jpg 1024w, https:\/\/www.felicicat.cat\/wp-content\/uploads\/2024\/11\/20241107dirci920-768x315.jpg 768w, https:\/\/www.felicicat.cat\/wp-content\/uploads\/2024\/11\/20241107dirci920-1536x630.jpg 1536w, https:\/\/www.felicicat.cat\/wp-content\/uploads\/2024\/11\/20241107dirci920-600x246.jpg 600w, https:\/\/www.felicicat.cat\/wp-content\/uploads\/2024\/11\/20241107dirci920-980x402.jpg 980w, https:\/\/www.felicicat.cat\/wp-content\/uploads\/2024\/11\/20241107dirci920-700x287.jpg 700w, https:\/\/www.felicicat.cat\/wp-content\/uploads\/2024\/11\/20241107dirci920-350x144.jpg 350w, https:\/\/www.felicicat.cat\/wp-content\/uploads\/2024\/11\/20241107dirci920-1500x616.jpg 1500w\" sizes=\"(max-width: 1920px) 100vw, 1920px\" \/><\/a><\/div><div class=\"vcex-blog-entry-details entry-details wpex-bordered wpex-first-mt-0 wpex-last-mb-0 wpex-clr\"><div class=\"match-height-content\"><h2 class=\"vcex-blog-entry-title entry-title wpex-mb-5\" style=\"font-size:20px;\"><a href=\"https:\/\/www.felicicat.cat\/es\/dirci-explora-influencia-comunicacion-interna-en-experiencia-de-empleado\/\">DIRCI explora c\u00f3mo la comunicaci\u00f3n interna influye en la experiencia de empleado<\/a><\/h2><div class=\"vcex-blog-entry-date entry-date wpex-text-sm wpex-text-3 wpex-mb-5\">12\/11\/2024<\/div><div class=\"vcex-blog-entry-excerpt entry-excerpt wpex-my-15 wpex-last-mb-0 wpex-clr\"><p>La Asociaci\u00f3n de Directivos y Responsables de Comunicaci\u00f3n Interna (DIRCI) celebr\u00f3 su III Jornada Anual&hellip;<\/p><\/div><div class=\"vcex-blog-entry-readmore-wrap entry-readmore-wrap wpex-my-15 wpex-clr\"><a href=\"https:\/\/www.felicicat.cat\/es\/dirci-explora-influencia-comunicacion-interna-en-experiencia-de-empleado\/\" class=\"theme-button\" aria-label=\"Leer m\u00e1s about DIRCI explora c\u00f3mo la comunicaci\u00f3n interna influye en la experiencia de empleado\">Leer m\u00e1s <span class=\"vcex-readmore-rarr\">&rarr;<\/span><\/a><\/div><\/div><\/div><\/div><\/div><div class=\"vcex-blog-entry vcex-grid-item entry-has-details span_1_of_4 col-4 col textleft post-12262 entry type-post has-media cat-343 translation_priority-98\"><div class=\"vcex-blog-entry-inner entry-inner wpex-first-mt-0 wpex-last-mb-0 wpex-clr\"><div class=\"vcex-blog-entry-media entry-media\"><a href=\"https:\/\/www.felicicat.cat\/es\/empresas-muestran-un-alto-grado-de-conocimiento-de-economia-circular\/\" title=\"El 86% de las empresas muestran un alto grado de conocimiento de econom\u00eda circular\"><img width=\"640\" height=\"380\" src=\"https:\/\/www.felicicat.cat\/wp-content\/uploads\/2024\/11\/una-de-les-li-nies-del-pla-d-ajuts-e-s-per-a-l-economia-circular_11_640x380.jpeg\" class=\"vcex-blog-entry-img wpex-align-middle\" alt=\"\" loading=\"lazy\" decoding=\"async\" srcset=\"https:\/\/www.felicicat.cat\/wp-content\/uploads\/2024\/11\/una-de-les-li-nies-del-pla-d-ajuts-e-s-per-a-l-economia-circular_11_640x380.jpeg 640w, https:\/\/www.felicicat.cat\/wp-content\/uploads\/2024\/11\/una-de-les-li-nies-del-pla-d-ajuts-e-s-per-a-l-economia-circular_11_640x380-300x178.jpeg 300w, https:\/\/www.felicicat.cat\/wp-content\/uploads\/2024\/11\/una-de-les-li-nies-del-pla-d-ajuts-e-s-per-a-l-economia-circular_11_640x380-600x356.jpeg 600w, https:\/\/www.felicicat.cat\/wp-content\/uploads\/2024\/11\/una-de-les-li-nies-del-pla-d-ajuts-e-s-per-a-l-economia-circular_11_640x380-350x208.jpeg 350w\" sizes=\"(max-width: 640px) 100vw, 640px\" \/><\/a><\/div><div class=\"vcex-blog-entry-details entry-details wpex-bordered wpex-first-mt-0 wpex-last-mb-0 wpex-clr\"><div class=\"match-height-content\"><h2 class=\"vcex-blog-entry-title entry-title wpex-mb-5\" style=\"font-size:20px;\"><a href=\"https:\/\/www.felicicat.cat\/es\/empresas-muestran-un-alto-grado-de-conocimiento-de-economia-circular\/\">El 86% de las empresas muestran un alto grado de conocimiento de econom\u00eda circular<\/a><\/h2><div class=\"vcex-blog-entry-date entry-date wpex-text-sm wpex-text-3 wpex-mb-5\">11\/11\/2024<\/div><div class=\"vcex-blog-entry-excerpt entry-excerpt wpex-my-15 wpex-last-mb-0 wpex-clr\"><p>El 57% de las empresas apuestan por el reciclaje y el 66% han realizado inversiones&hellip;<\/p><\/div><div class=\"vcex-blog-entry-readmore-wrap entry-readmore-wrap wpex-my-15 wpex-clr\"><a href=\"https:\/\/www.felicicat.cat\/es\/empresas-muestran-un-alto-grado-de-conocimiento-de-economia-circular\/\" class=\"theme-button\" aria-label=\"Leer m\u00e1s about El 86% de las empresas muestran un alto grado de conocimiento de econom\u00eda circular\">Leer m\u00e1s <span class=\"vcex-readmore-rarr\">&rarr;<\/span><\/a><\/div><\/div><\/div><\/div><\/div><div class=\"vcex-blog-entry vcex-grid-item entry-has-details span_1_of_4 col-1 col textleft post-11720 entry type-post has-media cat-343 translation_priority-98\"><div class=\"vcex-blog-entry-inner entry-inner wpex-first-mt-0 wpex-last-mb-0 wpex-clr\"><div class=\"vcex-blog-entry-media entry-media\"><a href=\"https:\/\/www.felicicat.cat\/es\/caprabo-evita-el-desperdicio-de-toneladas-de-alimentos-en-el-primer-semestre-del-ano\/\" title=\"Caprabo evita el desperdicio de m\u00e1s de 1.200 toneladas de alimentos en el primer semestre del a\u00f1o\"><img width=\"640\" height=\"380\" src=\"https:\/\/www.felicicat.cat\/wp-content\/uploads\/2024\/10\/fira-caprabo-productes-proximitat-altafulla-2022-2-jpg-1243923139_11_640x380.jpeg\" class=\"vcex-blog-entry-img wpex-align-middle\" alt=\"\" loading=\"lazy\" decoding=\"async\" srcset=\"https:\/\/www.felicicat.cat\/wp-content\/uploads\/2024\/10\/fira-caprabo-productes-proximitat-altafulla-2022-2-jpg-1243923139_11_640x380.jpeg 640w, https:\/\/www.felicicat.cat\/wp-content\/uploads\/2024\/10\/fira-caprabo-productes-proximitat-altafulla-2022-2-jpg-1243923139_11_640x380-300x178.jpeg 300w, https:\/\/www.felicicat.cat\/wp-content\/uploads\/2024\/10\/fira-caprabo-productes-proximitat-altafulla-2022-2-jpg-1243923139_11_640x380-600x356.jpeg 600w, https:\/\/www.felicicat.cat\/wp-content\/uploads\/2024\/10\/fira-caprabo-productes-proximitat-altafulla-2022-2-jpg-1243923139_11_640x380-350x208.jpeg 350w\" sizes=\"(max-width: 640px) 100vw, 640px\" \/><\/a><\/div><div class=\"vcex-blog-entry-details entry-details wpex-bordered wpex-first-mt-0 wpex-last-mb-0 wpex-clr\"><div class=\"match-height-content\"><h2 class=\"vcex-blog-entry-title entry-title wpex-mb-5\" style=\"font-size:20px;\"><a href=\"https:\/\/www.felicicat.cat\/es\/caprabo-evita-el-desperdicio-de-toneladas-de-alimentos-en-el-primer-semestre-del-ano\/\">Caprabo evita el desperdicio de m\u00e1s de 1.200 toneladas de alimentos en el primer semestre del a\u00f1o<\/a><\/h2><div class=\"vcex-blog-entry-date entry-date wpex-text-sm wpex-text-3 wpex-mb-5\">04\/10\/2024<\/div><div class=\"vcex-blog-entry-excerpt entry-excerpt wpex-my-15 wpex-last-mb-0 wpex-clr\"><p>La compa\u00f1\u00eda participa en la VII Semana Contra el Desperdicio Alimentario, una iniciativa de AECOC&hellip;<\/p><\/div><div class=\"vcex-blog-entry-readmore-wrap entry-readmore-wrap wpex-my-15 wpex-clr\"><a href=\"https:\/\/www.felicicat.cat\/es\/caprabo-evita-el-desperdicio-de-toneladas-de-alimentos-en-el-primer-semestre-del-ano\/\" class=\"theme-button\" aria-label=\"Leer m\u00e1s about Caprabo evita el desperdicio de m\u00e1s de 1.200 toneladas de alimentos en el primer semestre del a\u00f1o\">Leer m\u00e1s <span class=\"vcex-readmore-rarr\">&rarr;<\/span><\/a><\/div><\/div><\/div><\/div><\/div><div class=\"vcex-blog-entry vcex-grid-item entry-has-details span_1_of_4 col-2 col textleft post-11716 entry type-post has-media cat-343 translation_priority-98\"><div class=\"vcex-blog-entry-inner entry-inner wpex-first-mt-0 wpex-last-mb-0 wpex-clr\"><div class=\"vcex-blog-entry-media entry-media\"><a href=\"https:\/\/www.felicicat.cat\/es\/megaprofe-o-el-fin-horas-extras-de-los-profesores\/\" title=\"Megaprofe o el fin de las horas extras de los profesores\"><img width=\"640\" height=\"380\" src=\"https:\/\/www.felicicat.cat\/wp-content\/uploads\/2024\/10\/l-equip-de-megaprofe-format-pel-pau-llanes-el-jose-antonio-tamayo-i-el-vicenc-yll_11_640x380.jpeg\" class=\"vcex-blog-entry-img wpex-align-middle\" alt=\"\" loading=\"lazy\" decoding=\"async\" srcset=\"https:\/\/www.felicicat.cat\/wp-content\/uploads\/2024\/10\/l-equip-de-megaprofe-format-pel-pau-llanes-el-jose-antonio-tamayo-i-el-vicenc-yll_11_640x380.jpeg 640w, https:\/\/www.felicicat.cat\/wp-content\/uploads\/2024\/10\/l-equip-de-megaprofe-format-pel-pau-llanes-el-jose-antonio-tamayo-i-el-vicenc-yll_11_640x380-300x178.jpeg 300w, https:\/\/www.felicicat.cat\/wp-content\/uploads\/2024\/10\/l-equip-de-megaprofe-format-pel-pau-llanes-el-jose-antonio-tamayo-i-el-vicenc-yll_11_640x380-600x356.jpeg 600w, https:\/\/www.felicicat.cat\/wp-content\/uploads\/2024\/10\/l-equip-de-megaprofe-format-pel-pau-llanes-el-jose-antonio-tamayo-i-el-vicenc-yll_11_640x380-350x208.jpeg 350w\" sizes=\"(max-width: 640px) 100vw, 640px\" \/><\/a><\/div><div class=\"vcex-blog-entry-details entry-details wpex-bordered wpex-first-mt-0 wpex-last-mb-0 wpex-clr\"><div class=\"match-height-content\"><h2 class=\"vcex-blog-entry-title entry-title wpex-mb-5\" style=\"font-size:20px;\"><a href=\"https:\/\/www.felicicat.cat\/es\/megaprofe-o-el-fin-horas-extras-de-los-profesores\/\">Megaprofe o el fin de las horas extras de los profesores<\/a><\/h2><div class=\"vcex-blog-entry-date entry-date wpex-text-sm wpex-text-3 wpex-mb-5\">04\/10\/2024<\/div><div class=\"vcex-blog-entry-excerpt entry-excerpt wpex-my-15 wpex-last-mb-0 wpex-clr\"><p>La startup catalana permite a los docentes ahorrar tiempo mediante la utilizaci\u00f3n de herramientas educativas&hellip;<\/p><\/div><div class=\"vcex-blog-entry-readmore-wrap entry-readmore-wrap wpex-my-15 wpex-clr\"><a href=\"https:\/\/www.felicicat.cat\/es\/megaprofe-o-el-fin-horas-extras-de-los-profesores\/\" class=\"theme-button\" aria-label=\"Leer m\u00e1s about Megaprofe o el fin de las horas extras de los profesores\">Leer m\u00e1s <span class=\"vcex-readmore-rarr\">&rarr;<\/span><\/a><\/div><\/div><\/div><\/div><\/div><div class=\"vcex-blog-entry vcex-grid-item entry-has-details span_1_of_4 col-3 col textleft post-10797 entry type-post has-media cat-343 post_tag-311 translation_priority-98\"><div class=\"vcex-blog-entry-inner entry-inner wpex-first-mt-0 wpex-last-mb-0 wpex-clr\"><div class=\"vcex-blog-entry-media entry-media\"><a href=\"https:\/\/www.felicicat.cat\/es\/el-bioplastico-creado-en-catalunya-que-quiere-cambiar-el-mundo\/\" title=\"El biopl\u00e1stico creado en Catalunya que quiere cambiar el mundo\"><img width=\"640\" height=\"380\" src=\"https:\/\/www.felicicat.cat\/wp-content\/uploads\/2024\/06\/equipo-danna_11_640x380.jpeg\" class=\"vcex-blog-entry-img wpex-align-middle\" alt=\"Fotografia equip empresa Danna - Font: Via Empresa\" loading=\"lazy\" decoding=\"async\" srcset=\"https:\/\/www.felicicat.cat\/wp-content\/uploads\/2024\/06\/equipo-danna_11_640x380.jpeg 640w, https:\/\/www.felicicat.cat\/wp-content\/uploads\/2024\/06\/equipo-danna_11_640x380-300x178.jpeg 300w, https:\/\/www.felicicat.cat\/wp-content\/uploads\/2024\/06\/equipo-danna_11_640x380-600x356.jpeg 600w, https:\/\/www.felicicat.cat\/wp-content\/uploads\/2024\/06\/equipo-danna_11_640x380-350x208.jpeg 350w\" sizes=\"(max-width: 640px) 100vw, 640px\" \/><\/a><\/div><div class=\"vcex-blog-entry-details entry-details wpex-bordered wpex-first-mt-0 wpex-last-mb-0 wpex-clr\"><div class=\"match-height-content\"><h2 class=\"vcex-blog-entry-title entry-title wpex-mb-5\" style=\"font-size:20px;\"><a href=\"https:\/\/www.felicicat.cat\/es\/el-bioplastico-creado-en-catalunya-que-quiere-cambiar-el-mundo\/\">El biopl\u00e1stico creado en Catalunya que quiere cambiar el mundo<\/a><\/h2><div class=\"vcex-blog-entry-date entry-date wpex-text-sm wpex-text-3 wpex-mb-5\">10\/06\/2024<\/div><div class=\"vcex-blog-entry-excerpt entry-excerpt wpex-my-15 wpex-last-mb-0 wpex-clr\"><p>La empresa catalana Dan*na ha creado un biopl\u00e1stico \u00fanico y que ha patentado en todo&hellip;<\/p><\/div><div class=\"vcex-blog-entry-readmore-wrap entry-readmore-wrap wpex-my-15 wpex-clr\"><a href=\"https:\/\/www.felicicat.cat\/es\/el-bioplastico-creado-en-catalunya-que-quiere-cambiar-el-mundo\/\" class=\"theme-button\" aria-label=\"Leer m\u00e1s about El biopl\u00e1stico creado en Catalunya que quiere cambiar el mundo\">Leer m\u00e1s <span class=\"vcex-readmore-rarr\">&rarr;<\/span><\/a><\/div><\/div><\/div><\/div><\/div><div class=\"vcex-blog-entry vcex-grid-item entry-has-details span_1_of_4 col-4 col textleft post-10610 entry type-post has-media cat-343 translation_priority-98\"><div class=\"vcex-blog-entry-inner entry-inner wpex-first-mt-0 wpex-last-mb-0 wpex-clr\"><div class=\"vcex-blog-entry-media entry-media\"><a href=\"https:\/\/www.felicicat.cat\/es\/autismind-netflix-videos-interactivos-personas-autismo\/\" title=\"AutisMIND, el Netflix de los v\u00eddeos interactivos para personas con autismo\"><img width=\"640\" height=\"380\" src=\"https:\/\/www.felicicat.cat\/wp-content\/uploads\/2024\/04\/AutisMIND-Via-Empresa.jpeg\" class=\"vcex-blog-entry-img wpex-align-middle\" alt=\"AutisMIND\" loading=\"lazy\" decoding=\"async\" srcset=\"https:\/\/www.felicicat.cat\/wp-content\/uploads\/2024\/04\/AutisMIND-Via-Empresa.jpeg 640w, https:\/\/www.felicicat.cat\/wp-content\/uploads\/2024\/04\/AutisMIND-Via-Empresa-300x178.jpeg 300w, https:\/\/www.felicicat.cat\/wp-content\/uploads\/2024\/04\/AutisMIND-Via-Empresa-600x356.jpeg 600w, https:\/\/www.felicicat.cat\/wp-content\/uploads\/2024\/04\/AutisMIND-Via-Empresa-350x208.jpeg 350w\" sizes=\"(max-width: 640px) 100vw, 640px\" \/><\/a><\/div><div class=\"vcex-blog-entry-details entry-details wpex-bordered wpex-first-mt-0 wpex-last-mb-0 wpex-clr\"><div class=\"match-height-content\"><h2 class=\"vcex-blog-entry-title entry-title wpex-mb-5\" style=\"font-size:20px;\"><a href=\"https:\/\/www.felicicat.cat\/es\/autismind-netflix-videos-interactivos-personas-autismo\/\">AutisMIND, el Netflix de los v\u00eddeos interactivos para personas con autismo<\/a><\/h2><div class=\"vcex-blog-entry-date entry-date wpex-text-sm wpex-text-3 wpex-mb-5\">23\/04\/2024<\/div><div class=\"vcex-blog-entry-excerpt entry-excerpt wpex-my-15 wpex-last-mb-0 wpex-clr\"><p>La plataforma, impulsada por el psic\u00f3logo \u00c0lex Escol\u00e0, se focaliza en un p\u00fablico adulto, que&hellip;<\/p><\/div><div class=\"vcex-blog-entry-readmore-wrap entry-readmore-wrap wpex-my-15 wpex-clr\"><a href=\"https:\/\/www.felicicat.cat\/es\/autismind-netflix-videos-interactivos-personas-autismo\/\" class=\"theme-button\" aria-label=\"Leer m\u00e1s about AutisMIND, el Netflix de los v\u00eddeos interactivos para personas con autismo\">Leer m\u00e1s <span class=\"vcex-readmore-rarr\">&rarr;<\/span><\/a><\/div><\/div><\/div><\/div><\/div><div class=\"vcex-blog-entry vcex-grid-item entry-has-details span_1_of_4 col-1 col textleft post-7571 entry type-post has-media cat-343 translation_priority-98\"><div class=\"vcex-blog-entry-inner entry-inner wpex-first-mt-0 wpex-last-mb-0 wpex-clr\"><div class=\"vcex-blog-entry-media entry-media\"><a href=\"https:\/\/www.felicicat.cat\/es\/fundacion-naturgy-expertos-destacan-el-papel-fundamental-del-biometano-en-la-descarbonizacion-del-consumo-residencial\/\" title=\"Fundaci\u00f3n Naturgy: Expertos destacan el papel fundamental del biometano en la descarbonizaci\u00f3n del consumo residencial.\"><img width=\"640\" height=\"380\" src=\"https:\/\/www.felicicat.cat\/wp-content\/uploads\/2024\/02\/2023-11-raul-suarez-ceo-de-nedgia-izq-en-jornada-biometano-uso-residencial-de-fundacion-naturgy-scaled_11_640x380.jpeg\" class=\"vcex-blog-entry-img wpex-align-middle\" alt=\"\" loading=\"lazy\" decoding=\"async\" srcset=\"https:\/\/www.felicicat.cat\/wp-content\/uploads\/2024\/02\/2023-11-raul-suarez-ceo-de-nedgia-izq-en-jornada-biometano-uso-residencial-de-fundacion-naturgy-scaled_11_640x380.jpeg 640w, https:\/\/www.felicicat.cat\/wp-content\/uploads\/2024\/02\/2023-11-raul-suarez-ceo-de-nedgia-izq-en-jornada-biometano-uso-residencial-de-fundacion-naturgy-scaled_11_640x380-300x178.jpeg 300w, https:\/\/www.felicicat.cat\/wp-content\/uploads\/2024\/02\/2023-11-raul-suarez-ceo-de-nedgia-izq-en-jornada-biometano-uso-residencial-de-fundacion-naturgy-scaled_11_640x380-600x356.jpeg 600w, https:\/\/www.felicicat.cat\/wp-content\/uploads\/2024\/02\/2023-11-raul-suarez-ceo-de-nedgia-izq-en-jornada-biometano-uso-residencial-de-fundacion-naturgy-scaled_11_640x380-350x208.jpeg 350w\" sizes=\"(max-width: 640px) 100vw, 640px\" \/><\/a><\/div><div class=\"vcex-blog-entry-details entry-details wpex-bordered wpex-first-mt-0 wpex-last-mb-0 wpex-clr\"><div class=\"match-height-content\"><h2 class=\"vcex-blog-entry-title entry-title wpex-mb-5\" style=\"font-size:20px;\"><a href=\"https:\/\/www.felicicat.cat\/es\/fundacion-naturgy-expertos-destacan-el-papel-fundamental-del-biometano-en-la-descarbonizacion-del-consumo-residencial\/\">Fundaci\u00f3n Naturgy: Expertos destacan el papel fundamental del biometano en la descarbonizaci\u00f3n del consumo residencial.<\/a><\/h2><div class=\"vcex-blog-entry-date entry-date wpex-text-sm wpex-text-3 wpex-mb-5\">07\/12\/2023<\/div><div class=\"vcex-blog-entry-excerpt entry-excerpt wpex-my-15 wpex-last-mb-0 wpex-clr\"><p>A pesar de su potencial, Espa\u00f1a acumula un \"retraso notable\" en la producci\u00f3n y el&hellip;<\/p><\/div><div class=\"vcex-blog-entry-readmore-wrap entry-readmore-wrap wpex-my-15 wpex-clr\"><a href=\"https:\/\/www.felicicat.cat\/es\/fundacion-naturgy-expertos-destacan-el-papel-fundamental-del-biometano-en-la-descarbonizacion-del-consumo-residencial\/\" class=\"theme-button\" aria-label=\"Leer m\u00e1s about Fundaci\u00f3n Naturgy: Expertos destacan el papel fundamental del biometano en la descarbonizaci\u00f3n del consumo residencial.\">Leer m\u00e1s <span class=\"vcex-readmore-rarr\">&rarr;<\/span><\/a><\/div><\/div><\/div><\/div><\/div><div class=\"vcex-blog-entry vcex-grid-item entry-has-details span_1_of_4 col-2 col textleft post-7567 entry type-post has-media cat-343 translation_priority-98\"><div class=\"vcex-blog-entry-inner entry-inner wpex-first-mt-0 wpex-last-mb-0 wpex-clr\"><div class=\"vcex-blog-entry-media entry-media\"><a href=\"https:\/\/www.felicicat.cat\/es\/el-women-evolution-anima-las-mujeres-a-ser-lideres\/\" title=\"El Women Evolution anima las mujeres a ser l\u00edderes.\"><img width=\"640\" height=\"380\" src=\"https:\/\/www.felicicat.cat\/wp-content\/uploads\/2023\/10\/Women-Evolution-ESADE.jpeg\" class=\"vcex-blog-entry-img wpex-align-middle\" alt=\"\" loading=\"lazy\" decoding=\"async\" srcset=\"https:\/\/www.felicicat.cat\/wp-content\/uploads\/2023\/10\/Women-Evolution-ESADE.jpeg 640w, https:\/\/www.felicicat.cat\/wp-content\/uploads\/2023\/10\/Women-Evolution-ESADE-300x178.jpeg 300w, https:\/\/www.felicicat.cat\/wp-content\/uploads\/2023\/10\/Women-Evolution-ESADE-600x356.jpeg 600w, https:\/\/www.felicicat.cat\/wp-content\/uploads\/2023\/10\/Women-Evolution-ESADE-350x208.jpeg 350w\" sizes=\"(max-width: 640px) 100vw, 640px\" \/><\/a><\/div><div class=\"vcex-blog-entry-details entry-details wpex-bordered wpex-first-mt-0 wpex-last-mb-0 wpex-clr\"><div class=\"match-height-content\"><h2 class=\"vcex-blog-entry-title entry-title wpex-mb-5\" style=\"font-size:20px;\"><a href=\"https:\/\/www.felicicat.cat\/es\/el-women-evolution-anima-las-mujeres-a-ser-lideres\/\">El Women Evolution anima las mujeres a ser l\u00edderes.<\/a><\/h2><div class=\"vcex-blog-entry-date entry-date wpex-text-sm wpex-text-3 wpex-mb-5\">24\/10\/2023<\/div><div class=\"vcex-blog-entry-excerpt entry-excerpt wpex-my-15 wpex-last-mb-0 wpex-clr\"><p>El Women Evolution llega a la quinta edici\u00f3n potenciando y visibilizando el talento y el&hellip;<\/p><\/div><div class=\"vcex-blog-entry-readmore-wrap entry-readmore-wrap wpex-my-15 wpex-clr\"><a href=\"https:\/\/www.felicicat.cat\/es\/el-women-evolution-anima-las-mujeres-a-ser-lideres\/\" class=\"theme-button\" aria-label=\"Leer m\u00e1s about El Women Evolution anima las mujeres a ser l\u00edderes.\">Leer m\u00e1s <span class=\"vcex-readmore-rarr\">&rarr;<\/span><\/a><\/div><\/div><\/div><\/div><\/div><div class=\"vcex-blog-entry vcex-grid-item entry-has-details span_1_of_4 col-3 col textleft post-7562 entry type-post has-media cat-343 translation_priority-98\"><div class=\"vcex-blog-entry-inner entry-inner wpex-first-mt-0 wpex-last-mb-0 wpex-clr\"><div class=\"vcex-blog-entry-media entry-media\"><a href=\"https:\/\/www.felicicat.cat\/es\/el-amazon-catalan-que-pinta-de-verde-el-planeta-con-cada-pedido\/\" title=\"El Amazon catal\u00e1n que pinta de verde el planeta con cada pedido.\"><img width=\"640\" height=\"380\" src=\"https:\/\/www.felicicat.cat\/wp-content\/uploads\/2024\/02\/Bixoto-iStock.jpeg\" class=\"vcex-blog-entry-img wpex-align-middle\" alt=\"\" loading=\"lazy\" decoding=\"async\" srcset=\"https:\/\/www.felicicat.cat\/wp-content\/uploads\/2024\/02\/Bixoto-iStock.jpeg 640w, https:\/\/www.felicicat.cat\/wp-content\/uploads\/2024\/02\/Bixoto-iStock-300x178.jpeg 300w, https:\/\/www.felicicat.cat\/wp-content\/uploads\/2024\/02\/Bixoto-iStock-600x356.jpeg 600w, https:\/\/www.felicicat.cat\/wp-content\/uploads\/2024\/02\/Bixoto-iStock-350x208.jpeg 350w\" sizes=\"(max-width: 640px) 100vw, 640px\" \/><\/a><\/div><div class=\"vcex-blog-entry-details entry-details wpex-bordered wpex-first-mt-0 wpex-last-mb-0 wpex-clr\"><div class=\"match-height-content\"><h2 class=\"vcex-blog-entry-title entry-title wpex-mb-5\" style=\"font-size:20px;\"><a href=\"https:\/\/www.felicicat.cat\/es\/el-amazon-catalan-que-pinta-de-verde-el-planeta-con-cada-pedido\/\">El Amazon catal\u00e1n que pinta de verde el planeta con cada pedido.<\/a><\/h2><div class=\"vcex-blog-entry-date entry-date wpex-text-sm wpex-text-3 wpex-mb-5\">29\/08\/2023<\/div><div class=\"vcex-blog-entry-excerpt entry-excerpt wpex-my-15 wpex-last-mb-0 wpex-clr\"><p>Bixoto ofrece a sus clientes m\u00e1s de 250.000 productos desde una visi\u00f3n de \"e-commerce consciente\".&hellip;<\/p><\/div><div class=\"vcex-blog-entry-readmore-wrap entry-readmore-wrap wpex-my-15 wpex-clr\"><a href=\"https:\/\/www.felicicat.cat\/es\/el-amazon-catalan-que-pinta-de-verde-el-planeta-con-cada-pedido\/\" class=\"theme-button\" aria-label=\"Leer m\u00e1s about El Amazon catal\u00e1n que pinta de verde el planeta con cada pedido.\">Leer m\u00e1s <span class=\"vcex-readmore-rarr\">&rarr;<\/span><\/a><\/div><\/div><\/div><\/div><\/div><div class=\"vcex-blog-entry vcex-grid-item entry-has-details span_1_of_4 col-4 col textleft post-7557 entry type-post has-media cat-343 translation_priority-98\"><div class=\"vcex-blog-entry-inner entry-inner wpex-first-mt-0 wpex-last-mb-0 wpex-clr\"><div class=\"vcex-blog-entry-media entry-media\"><a href=\"https:\/\/www.felicicat.cat\/es\/el-fin-de-los-curriculums-y-la-bienvenida-al-talento\/\" title=\"El fin de los curr\u00edculums y la bienvenida al talento\"><img width=\"640\" height=\"380\" src=\"https:\/\/www.felicicat.cat\/wp-content\/uploads\/2024\/02\/ImagendelequipodeNuwe_Cedida.jpeg\" class=\"vcex-blog-entry-img wpex-align-middle\" alt=\"\" loading=\"lazy\" decoding=\"async\" srcset=\"https:\/\/www.felicicat.cat\/wp-content\/uploads\/2024\/02\/ImagendelequipodeNuwe_Cedida.jpeg 640w, https:\/\/www.felicicat.cat\/wp-content\/uploads\/2024\/02\/ImagendelequipodeNuwe_Cedida-300x178.jpeg 300w, https:\/\/www.felicicat.cat\/wp-content\/uploads\/2024\/02\/ImagendelequipodeNuwe_Cedida-600x356.jpeg 600w, https:\/\/www.felicicat.cat\/wp-content\/uploads\/2024\/02\/ImagendelequipodeNuwe_Cedida-350x208.jpeg 350w\" sizes=\"(max-width: 640px) 100vw, 640px\" \/><\/a><\/div><div class=\"vcex-blog-entry-details entry-details wpex-bordered wpex-first-mt-0 wpex-last-mb-0 wpex-clr\"><div class=\"match-height-content\"><h2 class=\"vcex-blog-entry-title entry-title wpex-mb-5\" style=\"font-size:20px;\"><a href=\"https:\/\/www.felicicat.cat\/es\/el-fin-de-los-curriculums-y-la-bienvenida-al-talento\/\">El fin de los curr\u00edculums y la bienvenida al talento<\/a><\/h2><div class=\"vcex-blog-entry-date entry-date wpex-text-sm wpex-text-3 wpex-mb-5\">22\/06\/2023<\/div><div class=\"vcex-blog-entry-excerpt entry-excerpt wpex-my-15 wpex-last-mb-0 wpex-clr\"><p>Nuwe dispone de una plataforma con retos que simulan el entorno laboral de las empresas&hellip;<\/p><\/div><div class=\"vcex-blog-entry-readmore-wrap entry-readmore-wrap wpex-my-15 wpex-clr\"><a href=\"https:\/\/www.felicicat.cat\/es\/el-fin-de-los-curriculums-y-la-bienvenida-al-talento\/\" class=\"theme-button\" aria-label=\"Leer m\u00e1s about El fin de los curr\u00edculums y la bienvenida al talento\">Leer m\u00e1s <span class=\"vcex-readmore-rarr\">&rarr;<\/span><\/a><\/div><\/div><\/div><\/div><\/div><div class=\"vcex-blog-entry vcex-grid-item entry-has-details span_1_of_4 col-1 col textleft post-7548 entry type-post has-media cat-343 translation_priority-98\"><div class=\"vcex-blog-entry-inner entry-inner wpex-first-mt-0 wpex-last-mb-0 wpex-clr\"><div class=\"vcex-blog-entry-media entry-media\"><a href=\"https:\/\/www.felicicat.cat\/es\/la-fageda-compartira-su-exito-en-la-20a-jornada-sobre-el-model-fageda\/\" title=\"La Fageda compartir\u00e1 su \u00e9xito en la 20a &#8216;Jornada sobre el Model Fageda&#8217;\"><img width=\"640\" height=\"380\" src=\"https:\/\/www.felicicat.cat\/wp-content\/uploads\/2024\/02\/atla-fageda-cristo-bal-colo-n-jornada-emprened-oria_11_640x380.jpeg\" class=\"vcex-blog-entry-img wpex-align-middle\" alt=\"\" loading=\"lazy\" decoding=\"async\" srcset=\"https:\/\/www.felicicat.cat\/wp-content\/uploads\/2024\/02\/atla-fageda-cristo-bal-colo-n-jornada-emprened-oria_11_640x380.jpeg 640w, https:\/\/www.felicicat.cat\/wp-content\/uploads\/2024\/02\/atla-fageda-cristo-bal-colo-n-jornada-emprened-oria_11_640x380-300x178.jpeg 300w, https:\/\/www.felicicat.cat\/wp-content\/uploads\/2024\/02\/atla-fageda-cristo-bal-colo-n-jornada-emprened-oria_11_640x380-600x356.jpeg 600w, https:\/\/www.felicicat.cat\/wp-content\/uploads\/2024\/02\/atla-fageda-cristo-bal-colo-n-jornada-emprened-oria_11_640x380-350x208.jpeg 350w\" sizes=\"(max-width: 640px) 100vw, 640px\" \/><\/a><\/div><div class=\"vcex-blog-entry-details entry-details wpex-bordered wpex-first-mt-0 wpex-last-mb-0 wpex-clr\"><div class=\"match-height-content\"><h2 class=\"vcex-blog-entry-title entry-title wpex-mb-5\" style=\"font-size:20px;\"><a href=\"https:\/\/www.felicicat.cat\/es\/la-fageda-compartira-su-exito-en-la-20a-jornada-sobre-el-model-fageda\/\">La Fageda compartir\u00e1 su \u00e9xito en la 20a &#8216;Jornada sobre el Model Fageda&#8217;<\/a><\/h2><div class=\"vcex-blog-entry-date entry-date wpex-text-sm wpex-text-3 wpex-mb-5\">04\/04\/2023<\/div><div class=\"vcex-blog-entry-excerpt entry-excerpt wpex-my-15 wpex-last-mb-0 wpex-clr\"><p>La jornada se ha consolidado como el punto de encuentro para emprendedores de todo el&hellip;<\/p><\/div><div class=\"vcex-blog-entry-readmore-wrap entry-readmore-wrap wpex-my-15 wpex-clr\"><a href=\"https:\/\/www.felicicat.cat\/es\/la-fageda-compartira-su-exito-en-la-20a-jornada-sobre-el-model-fageda\/\" class=\"theme-button\" aria-label=\"Leer m\u00e1s about La Fageda compartir\u00e1 su \u00e9xito en la 20a &#8216;Jornada sobre el Model Fageda&#8217;\">Leer m\u00e1s <span class=\"vcex-readmore-rarr\">&rarr;<\/span><\/a><\/div><\/div><\/div><\/div><\/div><div class=\"vcex-blog-entry vcex-grid-item entry-has-details span_1_of_4 col-2 col textleft post-7540 entry type-post has-media cat-343 translation_priority-98\"><div class=\"vcex-blog-entry-inner entry-inner wpex-first-mt-0 wpex-last-mb-0 wpex-clr\"><div class=\"vcex-blog-entry-media entry-media\"><a href=\"https:\/\/www.felicicat.cat\/es\/well-wo-la-plataforma-catalana-para-crear-trabajadores-felices\/\" title=\"Well Wo, la plataforma catalana para crear trabajadores felices\"><img width=\"640\" height=\"380\" src=\"https:\/\/www.felicicat.cat\/wp-content\/uploads\/2024\/02\/well-wo-benestar-laboral_11_640x380.jpeg\" class=\"vcex-blog-entry-img wpex-align-middle\" alt=\"\" loading=\"lazy\" decoding=\"async\" srcset=\"https:\/\/www.felicicat.cat\/wp-content\/uploads\/2024\/02\/well-wo-benestar-laboral_11_640x380.jpeg 640w, https:\/\/www.felicicat.cat\/wp-content\/uploads\/2024\/02\/well-wo-benestar-laboral_11_640x380-300x178.jpeg 300w, https:\/\/www.felicicat.cat\/wp-content\/uploads\/2024\/02\/well-wo-benestar-laboral_11_640x380-600x356.jpeg 600w, https:\/\/www.felicicat.cat\/wp-content\/uploads\/2024\/02\/well-wo-benestar-laboral_11_640x380-350x208.jpeg 350w\" sizes=\"(max-width: 640px) 100vw, 640px\" \/><\/a><\/div><div class=\"vcex-blog-entry-details entry-details wpex-bordered wpex-first-mt-0 wpex-last-mb-0 wpex-clr\"><div class=\"match-height-content\"><h2 class=\"vcex-blog-entry-title entry-title wpex-mb-5\" style=\"font-size:20px;\"><a href=\"https:\/\/www.felicicat.cat\/es\/well-wo-la-plataforma-catalana-para-crear-trabajadores-felices\/\">Well Wo, la plataforma catalana para crear trabajadores felices<\/a><\/h2><div class=\"vcex-blog-entry-date entry-date wpex-text-sm wpex-text-3 wpex-mb-5\">23\/11\/2022<\/div><div class=\"vcex-blog-entry-excerpt entry-excerpt wpex-my-15 wpex-last-mb-0 wpex-clr\"><p>Well Wo, que naci\u00f3 c\u00f3mo una casualidad, llega a decenas de miles de trabajadores en&hellip;<\/p><\/div><div class=\"vcex-blog-entry-readmore-wrap entry-readmore-wrap wpex-my-15 wpex-clr\"><a href=\"https:\/\/www.felicicat.cat\/es\/well-wo-la-plataforma-catalana-para-crear-trabajadores-felices\/\" class=\"theme-button\" aria-label=\"Leer m\u00e1s about Well Wo, la plataforma catalana para crear trabajadores felices\">Leer m\u00e1s <span class=\"vcex-readmore-rarr\">&rarr;<\/span><\/a><\/div><\/div><\/div><\/div><\/div><div class=\"vcex-blog-entry vcex-grid-item entry-has-details span_1_of_4 col-3 col textleft post-7535 entry type-post has-media cat-343 translation_priority-98\"><div class=\"vcex-blog-entry-inner entry-inner wpex-first-mt-0 wpex-last-mb-0 wpex-clr\"><div class=\"vcex-blog-entry-media entry-media\"><a href=\"https:\/\/www.felicicat.cat\/es\/vocdoni-la-nueva-democracia-digital-catalana\/\" title=\"Vocdoni, la nueva democracia digital catalana\"><img width=\"640\" height=\"380\" src=\"https:\/\/www.felicicat.cat\/wp-content\/uploads\/2024\/02\/Vocdoni-Benestar-Social.jpeg\" class=\"vcex-blog-entry-img wpex-align-middle\" alt=\"\" loading=\"lazy\" decoding=\"async\" srcset=\"https:\/\/www.felicicat.cat\/wp-content\/uploads\/2024\/02\/Vocdoni-Benestar-Social.jpeg 640w, https:\/\/www.felicicat.cat\/wp-content\/uploads\/2024\/02\/Vocdoni-Benestar-Social-300x178.jpeg 300w, https:\/\/www.felicicat.cat\/wp-content\/uploads\/2024\/02\/Vocdoni-Benestar-Social-600x356.jpeg 600w, https:\/\/www.felicicat.cat\/wp-content\/uploads\/2024\/02\/Vocdoni-Benestar-Social-350x208.jpeg 350w\" sizes=\"(max-width: 640px) 100vw, 640px\" \/><\/a><\/div><div class=\"vcex-blog-entry-details entry-details wpex-bordered wpex-first-mt-0 wpex-last-mb-0 wpex-clr\"><div class=\"match-height-content\"><h2 class=\"vcex-blog-entry-title entry-title wpex-mb-5\" style=\"font-size:20px;\"><a href=\"https:\/\/www.felicicat.cat\/es\/vocdoni-la-nueva-democracia-digital-catalana\/\">Vocdoni, la nueva democracia digital catalana<\/a><\/h2><div class=\"vcex-blog-entry-date entry-date wpex-text-sm wpex-text-3 wpex-mb-5\">16\/08\/2022<\/div><div class=\"vcex-blog-entry-excerpt entry-excerpt wpex-my-15 wpex-last-mb-0 wpex-clr\"><p>Art\u00edculo extr\u00e1ido de Viaempresa.cat y creado por Alberto Prieto Barcelona. 16 agosto de 2022. En&hellip;<\/p><\/div><div class=\"vcex-blog-entry-readmore-wrap entry-readmore-wrap wpex-my-15 wpex-clr\"><a href=\"https:\/\/www.felicicat.cat\/es\/vocdoni-la-nueva-democracia-digital-catalana\/\" class=\"theme-button\" aria-label=\"Leer m\u00e1s about Vocdoni, la nueva democracia digital catalana\">Leer m\u00e1s <span class=\"vcex-readmore-rarr\">&rarr;<\/span><\/a><\/div><\/div><\/div><\/div><\/div><div class=\"vcex-blog-entry vcex-grid-item entry-has-details span_1_of_4 col-4 col textleft post-7531 entry type-post has-media cat-343 translation_priority-98\"><div class=\"vcex-blog-entry-inner entry-inner wpex-first-mt-0 wpex-last-mb-0 wpex-clr\"><div class=\"vcex-blog-entry-media entry-media\"><a href=\"https:\/\/www.felicicat.cat\/es\/lidl-pacta-con-los-trabajadores-incrementos-de-sueldo-de-al-menos-el-165\/\" title=\"Lidl pacta con los trabajadores incrementos de sueldo de al menos el 16,5%\"><img width=\"640\" height=\"380\" src=\"https:\/\/www.felicicat.cat\/wp-content\/uploads\/2024\/02\/Lidl-Sous-Empleats.jpeg\" class=\"vcex-blog-entry-img wpex-align-middle\" alt=\"\" loading=\"lazy\" decoding=\"async\" srcset=\"https:\/\/www.felicicat.cat\/wp-content\/uploads\/2024\/02\/Lidl-Sous-Empleats.jpeg 640w, https:\/\/www.felicicat.cat\/wp-content\/uploads\/2024\/02\/Lidl-Sous-Empleats-300x178.jpeg 300w, https:\/\/www.felicicat.cat\/wp-content\/uploads\/2024\/02\/Lidl-Sous-Empleats-600x356.jpeg 600w, https:\/\/www.felicicat.cat\/wp-content\/uploads\/2024\/02\/Lidl-Sous-Empleats-350x208.jpeg 350w\" sizes=\"(max-width: 640px) 100vw, 640px\" \/><\/a><\/div><div class=\"vcex-blog-entry-details entry-details wpex-bordered wpex-first-mt-0 wpex-last-mb-0 wpex-clr\"><div class=\"match-height-content\"><h2 class=\"vcex-blog-entry-title entry-title wpex-mb-5\" style=\"font-size:20px;\"><a href=\"https:\/\/www.felicicat.cat\/es\/lidl-pacta-con-los-trabajadores-incrementos-de-sueldo-de-al-menos-el-165\/\">Lidl pacta con los trabajadores incrementos de sueldo de al menos el 16,5%<\/a><\/h2><div class=\"vcex-blog-entry-date entry-date wpex-text-sm wpex-text-3 wpex-mb-5\">07\/07\/2022<\/div><div class=\"vcex-blog-entry-excerpt entry-excerpt wpex-my-15 wpex-last-mb-0 wpex-clr\"><p>La cadena de supermercados ha aceptado por primera vez incluir una cl\u00e1usula de revisi\u00f3n salarial&hellip;<\/p><\/div><div class=\"vcex-blog-entry-readmore-wrap entry-readmore-wrap wpex-my-15 wpex-clr\"><a href=\"https:\/\/www.felicicat.cat\/es\/lidl-pacta-con-los-trabajadores-incrementos-de-sueldo-de-al-menos-el-165\/\" class=\"theme-button\" aria-label=\"Leer m\u00e1s about Lidl pacta con los trabajadores incrementos de sueldo de al menos el 16,5%\">Leer m\u00e1s <span class=\"vcex-readmore-rarr\">&rarr;<\/span><\/a><\/div><\/div><\/div><\/div><\/div><div class=\"vcex-blog-entry vcex-grid-item entry-has-details span_1_of_4 col-1 col textleft post-7527 entry type-post has-media cat-343 translation_priority-98\"><div class=\"vcex-blog-entry-inner entry-inner wpex-first-mt-0 wpex-last-mb-0 wpex-clr\"><div class=\"vcex-blog-entry-media entry-media\"><a href=\"https:\/\/www.felicicat.cat\/es\/aigues-de-barcelona-impulsa-la-insercion-laboral-de-mujeres-en-situacion-de-vulnerabilidad\/\" title=\"Aig\u00fces de Barcelona impulsa la inserci\u00f3n laboral de mujeres en situaci\u00f3n de vulnerabilidad\"><img width=\"640\" height=\"380\" src=\"https:\/\/www.felicicat.cat\/wp-content\/uploads\/2024\/02\/Aigues-Barcelona-Dones-Vulnerabilitat.jpeg\" class=\"vcex-blog-entry-img wpex-align-middle\" alt=\"\" loading=\"lazy\" decoding=\"async\" srcset=\"https:\/\/www.felicicat.cat\/wp-content\/uploads\/2024\/02\/Aigues-Barcelona-Dones-Vulnerabilitat.jpeg 640w, https:\/\/www.felicicat.cat\/wp-content\/uploads\/2024\/02\/Aigues-Barcelona-Dones-Vulnerabilitat-300x178.jpeg 300w, https:\/\/www.felicicat.cat\/wp-content\/uploads\/2024\/02\/Aigues-Barcelona-Dones-Vulnerabilitat-600x356.jpeg 600w, https:\/\/www.felicicat.cat\/wp-content\/uploads\/2024\/02\/Aigues-Barcelona-Dones-Vulnerabilitat-350x208.jpeg 350w\" sizes=\"(max-width: 640px) 100vw, 640px\" \/><\/a><\/div><div class=\"vcex-blog-entry-details entry-details wpex-bordered wpex-first-mt-0 wpex-last-mb-0 wpex-clr\"><div class=\"match-height-content\"><h2 class=\"vcex-blog-entry-title entry-title wpex-mb-5\" style=\"font-size:20px;\"><a href=\"https:\/\/www.felicicat.cat\/es\/aigues-de-barcelona-impulsa-la-insercion-laboral-de-mujeres-en-situacion-de-vulnerabilidad\/\">Aig\u00fces de Barcelona impulsa la inserci\u00f3n laboral de mujeres en situaci\u00f3n de vulnerabilidad<\/a><\/h2><div class=\"vcex-blog-entry-date entry-date wpex-text-sm wpex-text-3 wpex-mb-5\">06\/07\/2022<\/div><div class=\"vcex-blog-entry-excerpt entry-excerpt wpex-my-15 wpex-last-mb-0 wpex-clr\"><p>Aig\u00fces de Barcelona y la Fundaci\u00f3 Roure han firmado un convenio de colaboraci\u00f3n para reforzar&hellip;<\/p><\/div><div class=\"vcex-blog-entry-readmore-wrap entry-readmore-wrap wpex-my-15 wpex-clr\"><a href=\"https:\/\/www.felicicat.cat\/es\/aigues-de-barcelona-impulsa-la-insercion-laboral-de-mujeres-en-situacion-de-vulnerabilidad\/\" class=\"theme-button\" aria-label=\"Leer m\u00e1s about Aig\u00fces de Barcelona impulsa la inserci\u00f3n laboral de mujeres en situaci\u00f3n de vulnerabilidad\">Leer m\u00e1s <span class=\"vcex-readmore-rarr\">&rarr;<\/span><\/a><\/div><\/div><\/div><\/div><\/div><div class=\"vcex-blog-entry vcex-grid-item entry-has-details span_1_of_4 col-2 col textleft post-7523 entry type-post has-media cat-343 translation_priority-98\"><div class=\"vcex-blog-entry-inner entry-inner wpex-first-mt-0 wpex-last-mb-0 wpex-clr\"><div class=\"vcex-blog-entry-media entry-media\"><a href=\"https:\/\/www.felicicat.cat\/es\/ferrer-y-el-ayuntamiento-de-barcelona-galardonados-con-los-premios-factor-huma-2022\/\" title=\"Ferrer y el Ayuntamiento de Barcelona galardonados con los Premios Factor Hum\u00e0 2022\"><img width=\"640\" height=\"380\" src=\"https:\/\/www.felicicat.cat\/wp-content\/uploads\/2024\/02\/Premis-FactorHuma-Ajuntament-Barcelona-Lab-Ferrer.jpeg\" class=\"vcex-blog-entry-img wpex-align-middle\" alt=\"\" loading=\"lazy\" decoding=\"async\" srcset=\"https:\/\/www.felicicat.cat\/wp-content\/uploads\/2024\/02\/Premis-FactorHuma-Ajuntament-Barcelona-Lab-Ferrer.jpeg 640w, https:\/\/www.felicicat.cat\/wp-content\/uploads\/2024\/02\/Premis-FactorHuma-Ajuntament-Barcelona-Lab-Ferrer-300x178.jpeg 300w, https:\/\/www.felicicat.cat\/wp-content\/uploads\/2024\/02\/Premis-FactorHuma-Ajuntament-Barcelona-Lab-Ferrer-600x356.jpeg 600w, https:\/\/www.felicicat.cat\/wp-content\/uploads\/2024\/02\/Premis-FactorHuma-Ajuntament-Barcelona-Lab-Ferrer-350x208.jpeg 350w\" sizes=\"(max-width: 640px) 100vw, 640px\" \/><\/a><\/div><div class=\"vcex-blog-entry-details entry-details wpex-bordered wpex-first-mt-0 wpex-last-mb-0 wpex-clr\"><div class=\"match-height-content\"><h2 class=\"vcex-blog-entry-title entry-title wpex-mb-5\" style=\"font-size:20px;\"><a href=\"https:\/\/www.felicicat.cat\/es\/ferrer-y-el-ayuntamiento-de-barcelona-galardonados-con-los-premios-factor-huma-2022\/\">Ferrer y el Ayuntamiento de Barcelona galardonados con los Premios Factor Hum\u00e0 2022<\/a><\/h2><div class=\"vcex-blog-entry-date entry-date wpex-text-sm wpex-text-3 wpex-mb-5\">01\/07\/2022<\/div><div class=\"vcex-blog-entry-excerpt entry-excerpt wpex-my-15 wpex-last-mb-0 wpex-clr\"><p>Bajo el lema \u201cConocer el pasado. Entender el presente. Humanizar el futuro\u201d, la gala ha&hellip;<\/p><\/div><div class=\"vcex-blog-entry-readmore-wrap entry-readmore-wrap wpex-my-15 wpex-clr\"><a href=\"https:\/\/www.felicicat.cat\/es\/ferrer-y-el-ayuntamiento-de-barcelona-galardonados-con-los-premios-factor-huma-2022\/\" class=\"theme-button\" aria-label=\"Leer m\u00e1s about Ferrer y el Ayuntamiento de Barcelona galardonados con los Premios Factor Hum\u00e0 2022\">Leer m\u00e1s <span class=\"vcex-readmore-rarr\">&rarr;<\/span><\/a><\/div><\/div><\/div><\/div><\/div><div class=\"vcex-blog-entry vcex-grid-item entry-has-details span_1_of_4 col-3 col textleft post-7519 entry type-post has-media cat-343 translation_priority-98\"><div class=\"vcex-blog-entry-inner entry-inner wpex-first-mt-0 wpex-last-mb-0 wpex-clr\"><div class=\"vcex-blog-entry-media entry-media\"><a href=\"https:\/\/www.felicicat.cat\/es\/wallbox-lanza-un-motosharing-corporativo-para-sus-empleados\/\" title=\"Wallbox lanza un motosharing corporativo para sus empleados\"><img width=\"640\" height=\"380\" src=\"https:\/\/www.felicicat.cat\/wp-content\/uploads\/2024\/02\/wallbox-motosharing-corporatiu.jpeg\" class=\"vcex-blog-entry-img wpex-align-middle\" alt=\"\" loading=\"lazy\" decoding=\"async\" srcset=\"https:\/\/www.felicicat.cat\/wp-content\/uploads\/2024\/02\/wallbox-motosharing-corporatiu.jpeg 640w, https:\/\/www.felicicat.cat\/wp-content\/uploads\/2024\/02\/wallbox-motosharing-corporatiu-300x178.jpeg 300w, https:\/\/www.felicicat.cat\/wp-content\/uploads\/2024\/02\/wallbox-motosharing-corporatiu-600x356.jpeg 600w, https:\/\/www.felicicat.cat\/wp-content\/uploads\/2024\/02\/wallbox-motosharing-corporatiu-350x208.jpeg 350w\" sizes=\"(max-width: 640px) 100vw, 640px\" \/><\/a><\/div><div class=\"vcex-blog-entry-details entry-details wpex-bordered wpex-first-mt-0 wpex-last-mb-0 wpex-clr\"><div class=\"match-height-content\"><h2 class=\"vcex-blog-entry-title entry-title wpex-mb-5\" style=\"font-size:20px;\"><a href=\"https:\/\/www.felicicat.cat\/es\/wallbox-lanza-un-motosharing-corporativo-para-sus-empleados\/\">Wallbox lanza un motosharing corporativo para sus empleados<\/a><\/h2><div class=\"vcex-blog-entry-date entry-date wpex-text-sm wpex-text-3 wpex-mb-5\">01\/07\/2022<\/div><div class=\"vcex-blog-entry-excerpt entry-excerpt wpex-my-15 wpex-last-mb-0 wpex-clr\"><p>Los 1.000 empleados de Wallbox en Barcelona podr\u00e1n disfrutar del primer servicio de motosharing corporativo&hellip;<\/p><\/div><div class=\"vcex-blog-entry-readmore-wrap entry-readmore-wrap wpex-my-15 wpex-clr\"><a href=\"https:\/\/www.felicicat.cat\/es\/wallbox-lanza-un-motosharing-corporativo-para-sus-empleados\/\" class=\"theme-button\" aria-label=\"Leer m\u00e1s about Wallbox lanza un motosharing corporativo para sus empleados\">Leer m\u00e1s <span class=\"vcex-readmore-rarr\">&rarr;<\/span><\/a><\/div><\/div><\/div><\/div><\/div><div class=\"vcex-blog-entry vcex-grid-item entry-has-details span_1_of_4 col-4 col textleft post-7515 entry type-post has-media cat-343 translation_priority-98\"><div class=\"vcex-blog-entry-inner entry-inner wpex-first-mt-0 wpex-last-mb-0 wpex-clr\"><div class=\"vcex-blog-entry-media entry-media\"><a href=\"https:\/\/www.felicicat.cat\/es\/la-fageda-celebra-40-anos-con-el-estreno-de-la-escuela-de-nuevas-oportunidades\/\" title=\"La Fageda celebra 40 a\u00f1os con el estreno de la Escuela de Nuevas Oportunidades\"><img width=\"640\" height=\"380\" src=\"https:\/\/www.felicicat.cat\/wp-content\/uploads\/2024\/02\/LaFageda-ViaEmpresa.jpeg\" class=\"vcex-blog-entry-img wpex-align-middle\" alt=\"\" loading=\"lazy\" decoding=\"async\" srcset=\"https:\/\/www.felicicat.cat\/wp-content\/uploads\/2024\/02\/LaFageda-ViaEmpresa.jpeg 640w, https:\/\/www.felicicat.cat\/wp-content\/uploads\/2024\/02\/LaFageda-ViaEmpresa-300x178.jpeg 300w, https:\/\/www.felicicat.cat\/wp-content\/uploads\/2024\/02\/LaFageda-ViaEmpresa-600x356.jpeg 600w, https:\/\/www.felicicat.cat\/wp-content\/uploads\/2024\/02\/LaFageda-ViaEmpresa-350x208.jpeg 350w\" sizes=\"(max-width: 640px) 100vw, 640px\" \/><\/a><\/div><div class=\"vcex-blog-entry-details entry-details wpex-bordered wpex-first-mt-0 wpex-last-mb-0 wpex-clr\"><div class=\"match-height-content\"><h2 class=\"vcex-blog-entry-title entry-title wpex-mb-5\" style=\"font-size:20px;\"><a href=\"https:\/\/www.felicicat.cat\/es\/la-fageda-celebra-40-anos-con-el-estreno-de-la-escuela-de-nuevas-oportunidades\/\">La Fageda celebra 40 a\u00f1os con el estreno de la Escuela de Nuevas Oportunidades<\/a><\/h2><div class=\"vcex-blog-entry-date entry-date wpex-text-sm wpex-text-3 wpex-mb-5\">24\/06\/2022<\/div><div class=\"vcex-blog-entry-excerpt entry-excerpt wpex-my-15 wpex-last-mb-0 wpex-clr\"><p>La fundaci\u00f3n La Fageda tiene bajo su paraguas a 487 personas, de las cuales 304&hellip;<\/p><\/div><div class=\"vcex-blog-entry-readmore-wrap entry-readmore-wrap wpex-my-15 wpex-clr\"><a href=\"https:\/\/www.felicicat.cat\/es\/la-fageda-celebra-40-anos-con-el-estreno-de-la-escuela-de-nuevas-oportunidades\/\" class=\"theme-button\" aria-label=\"Leer m\u00e1s about La Fageda celebra 40 a\u00f1os con el estreno de la Escuela de Nuevas Oportunidades\">Leer m\u00e1s <span class=\"vcex-readmore-rarr\">&rarr;<\/span><\/a><\/div><\/div><\/div><\/div><\/div><div class=\"vcex-blog-entry vcex-grid-item entry-has-details span_1_of_4 col-1 col textleft post-7509 entry type-post has-media cat-343 translation_priority-98\"><div class=\"vcex-blog-entry-inner entry-inner wpex-first-mt-0 wpex-last-mb-0 wpex-clr\"><div class=\"vcex-blog-entry-media entry-media\"><a href=\"https:\/\/www.felicicat.cat\/es\/bayer-inaugura-lifehub-un-espacio-de-innovacion-de-salud-digital-y-transformacion-agricola\/\" title=\"Bayer inaugura LifeHub, un espacio de innovaci\u00f3n de salud digital y transformaci\u00f3n agr\u00edcola\"><img width=\"640\" height=\"380\" src=\"https:\/\/www.felicicat.cat\/wp-content\/uploads\/2024\/02\/Bayer-Hub-Salut-Innovacio.jpeg\" class=\"vcex-blog-entry-img wpex-align-middle\" alt=\"\" loading=\"lazy\" decoding=\"async\" srcset=\"https:\/\/www.felicicat.cat\/wp-content\/uploads\/2024\/02\/Bayer-Hub-Salut-Innovacio.jpeg 640w, https:\/\/www.felicicat.cat\/wp-content\/uploads\/2024\/02\/Bayer-Hub-Salut-Innovacio-300x178.jpeg 300w, https:\/\/www.felicicat.cat\/wp-content\/uploads\/2024\/02\/Bayer-Hub-Salut-Innovacio-600x356.jpeg 600w, https:\/\/www.felicicat.cat\/wp-content\/uploads\/2024\/02\/Bayer-Hub-Salut-Innovacio-350x208.jpeg 350w\" sizes=\"(max-width: 640px) 100vw, 640px\" \/><\/a><\/div><div class=\"vcex-blog-entry-details entry-details wpex-bordered wpex-first-mt-0 wpex-last-mb-0 wpex-clr\"><div class=\"match-height-content\"><h2 class=\"vcex-blog-entry-title entry-title wpex-mb-5\" style=\"font-size:20px;\"><a href=\"https:\/\/www.felicicat.cat\/es\/bayer-inaugura-lifehub-un-espacio-de-innovacion-de-salud-digital-y-transformacion-agricola\/\">Bayer inaugura LifeHub, un espacio de innovaci\u00f3n de salud digital y transformaci\u00f3n agr\u00edcola<\/a><\/h2><div class=\"vcex-blog-entry-date entry-date wpex-text-sm wpex-text-3 wpex-mb-5\">22\/06\/2022<\/div><div class=\"vcex-blog-entry-excerpt entry-excerpt wpex-my-15 wpex-last-mb-0 wpex-clr\"><p>El hub quiere ser un punto de encuentro para empleados, empresas emergentes y centros de&hellip;<\/p><\/div><div class=\"vcex-blog-entry-readmore-wrap entry-readmore-wrap wpex-my-15 wpex-clr\"><a href=\"https:\/\/www.felicicat.cat\/es\/bayer-inaugura-lifehub-un-espacio-de-innovacion-de-salud-digital-y-transformacion-agricola\/\" class=\"theme-button\" aria-label=\"Leer m\u00e1s about Bayer inaugura LifeHub, un espacio de innovaci\u00f3n de salud digital y transformaci\u00f3n agr\u00edcola\">Leer m\u00e1s <span class=\"vcex-readmore-rarr\">&rarr;<\/span><\/a><\/div><\/div><\/div><\/div><\/div><\/div><\/div>[\/vc_column][\/vc_row][\/vc_section][vc_row remove_bottom_col_margin=\u00bbtrue\u00bb][vc_column]<div class=\"templatera_shortcode\"><style type=\"text\/css\" data-type=\"vc_shortcodes-custom-css\">.vc_custom_1701681171748{padding-top: 6% !important;padding-bottom: 6% !important;background-color: #f5f5f5 !important;}.vc_custom_1701680594324{padding-bottom: 15px !important;}<\/style>[vc_row full_width=\"stretch_row\" parallax=\"content-moving\" parallax_image=\"5357\" remove_bottom_col_margin=\"true\" wpex_bg_overlay=\"color\" css=\".vc_custom_1701681171748{padding-top: 6% !important;padding-bottom: 6% !important;background-color: #f5f5f5 !important;}\" wpex_bg_overlay_color=\"#222222\" wpex_bg_overlay_opacity=\"0.75\"][vc_column]<style>.vcex-heading.vcex_69f13065a5d6f{color:#ffffff;font-size:32px;font-weight:400;text-transform:uppercase;}<\/style><h2 class=\"vcex-heading vcex-heading-plain vcex-module wpex-heading wpex-text-2xl wpex-text-center vc_custom_1701680594324 vcex_69f13065a5d6f\"><span class=\"vcex-heading-inner wpex-inline-block\">Encabezado<\/span><\/h2><div class=\"vcex-spacing wpex-w-100 wpex-clear\"><\/div><div class=\"theme-button-wrap textcenter wpex-clr\"><a href=\"\/es\/barometre-felicitat-laboral-catalunya-2023\/\" class=\"vcex-button theme-button minimal-border align-center inline\" style=\"background:rgba(34,34,34,0.01);color:#ffffff;border:1px solid #ffffff;font-size:16px;font-weight:400;border-radius:0px;\" data-wpex-hover='{&quot;background&quot;:&quot;#ffffff&quot;,&quot;color&quot;:&quot;#222222&quot;}' title=\"Acceder al manifiesto\"><span class=\"vcex-button-inner theme-button-inner\">Quiero m\u00e1s informaci\u00f3n sobre el estudio<span class=\"vcex-button-icon vcex-icon-wrap theme-button-icon-right\"><span class=\"ticon ticon-file-text-o\" aria-hidden=\"true\"><\/span><\/span><\/span><\/a><\/div> [\/vc_column][\/vc_row]<\/div>[\/vc_column][\/vc_row][vc_row remove_bottom_col_margin=\u00bbtrue\u00bb][vc_column]<div class=\"templatera_shortcode\"><style type=\"text\/css\" data-type=\"vc_shortcodes-custom-css\">.vc_custom_1709635657817{padding-top: 80px !important;padding-bottom: 80px !important;background-color: #f5f5f5 !important;}.vc_custom_1773132849116{padding-bottom: 15px !important;}<\/style>[vc_row full_width=\"stretch_row\" parallax=\"content-moving\" parallax_image=\"4842\" remove_bottom_col_margin=\"true\" wpex_bg_overlay=\"color\" css=\".vc_custom_1709635657817{padding-top: 80px !important;padding-bottom: 80px !important;background-color: #f5f5f5 !important;}\" wpex_bg_overlay_color=\"#000000\" wpex_bg_overlay_opacity=\"0.76\"][vc_column]<style>.vcex-heading.vcex_69f13065a8edd{color:#ffffff;font-size:32px;font-weight:400;text-transform:uppercase;}@media (max-width:1024px){.vcex-heading.vcex_69f13065a8edd{font-size:30px;}}@media (max-width:959px){.vcex-heading.vcex_69f13065a8edd{font-size:26px;}}<\/style><h3 class=\"vcex-heading vcex-heading-plain vcex-module wpex-heading wpex-text-2xl wpex-text-center vc_custom_1773132849116 vcex_69f13065a8edd\"><span class=\"vcex-heading-inner wpex-inline-block\">Contamos con un modelo propio; El modelo propio de los 8 bienestares<\/span><\/h3>[vc_column_text text_align=\"center\" font_weight=\"300\" color=\"#ffffff\" font_size=\"22px\" width=\"600px\"]\r\n<p style=\"text-align: center;\">\u00bfQuieres saber m\u00e1s sobre el modelo de FeliciCat sobre la felicidad individual y colectiva?<\/p>\r\n[\/vc_column_text]<div class=\"vcex-spacing wpex-w-100 wpex-clear\"><\/div><div class=\"theme-button-wrap textcenter wpex-clr\"><a href=\"https:\/\/www.felicicat.cat\/es\/modelo-de-los-8-benestares-de-felicicat-institut-catala-de-la-felicitat\/\" class=\"vcex-button theme-button minimal-border align-center inline\" style=\"background:rgba(255,255,255,0.01);color:#ffffff;border:1px solid #ffffff;font-size:16px;font-weight:400;\" data-wpex-hover='{&quot;background&quot;:&quot;#ffffff&quot;,&quot;color&quot;:&quot;#222222&quot;}' title=\"Modelo propio 8 bienestares\" target=\"_blank\" rel=\"nofollow noopener noreferrer\"><span class=\"vcex-button-inner theme-button-inner\">As\u00ed aplicamos el modelo a nuestros servicios<span class=\"vcex-button-icon vcex-icon-wrap theme-button-icon-right\"><span class=\"ticon ticon-file-text-o\" aria-hidden=\"true\"><\/span><\/span><\/span><\/a><\/div> [\/vc_column][\/vc_row]<\/div>[\/vc_column][\/vc_row]\n<\/div>","protected":false},"excerpt":{"rendered":"<p>[vc_row full_width=\u00bbstretch_row\u00bb remove_bottom_col_margin=\u00bbtrue\u00bb css=\u00bb.vc_custom_1701678492324{padding-top: 4% !important;padding-bottom: 4% !important;background-color: #f6f6f6 !important;}\u00bb][vc_column][vc_column_text text_align=\u00bbcenter\u00bb] La secci\u00f3n en la que se exponen contenidos asociados al bienestar organizacional y social de empresas catalanas y\/o que operan en Catalu\u00f1a. Contenidos expuestos en el marco de la colaboraci\u00f3n con el Instituto Catal\u00e1n de la Felicidad, actuando como partner informativo de Via Empresa&hellip;<\/p>\n","protected":false},"author":1,"featured_media":0,"parent":8020,"menu_order":0,"comment_status":"closed","ping_status":"closed","template":"","meta":{"_uag_custom_page_level_css":"","footnotes":""},"yoast_head":"<!-- This site is optimized with the Yoast SEO plugin v22.5 - https:\/\/yoast.com\/wordpress\/plugins\/seo\/ -->\n<title>Blog de empresa y bienestar - Felicicat<\/title>\n<meta name=\"robots\" content=\"index, follow, max-snippet:-1, max-image-preview:large, max-video-preview:-1\" \/>\n<link rel=\"canonical\" href=\"https:\/\/www.felicicat.cat\/es\/blogs\/blog-dempresa-i-benestar\/\" \/>\n<meta property=\"og:locale\" content=\"es_ES\" \/>\n<meta property=\"og:type\" content=\"article\" \/>\n<meta property=\"og:title\" content=\"Blog de empresa y bienestar - Felicicat\" \/>\n<meta property=\"og:description\" content=\"[vc_row full_width=\u00bbstretch_row\u00bb remove_bottom_col_margin=\u00bbtrue\u00bb css=\u00bb.vc_custom_1701678492324{padding-top: 4% !important;padding-bottom: 4% !important;background-color: #f6f6f6 !important;}\u00bb][vc_column][vc_column_text text_align=\u00bbcenter\u00bb] La secci\u00f3n en la que se exponen contenidos asociados al bienestar organizacional y social de empresas catalanas y\/o que operan en Catalu\u00f1a. Contenidos expuestos en el marco de la colaboraci\u00f3n con el Instituto Catal\u00e1n de la Felicidad, actuando como partner informativo de Via Empresa&hellip;\" \/>\n<meta property=\"og:url\" content=\"https:\/\/www.felicicat.cat\/es\/blogs\/blog-dempresa-i-benestar\/\" \/>\n<meta property=\"og:site_name\" content=\"Felicicat\" \/>\n<meta property=\"article:modified_time\" content=\"2024-04-05T18:24:29+00:00\" \/>\n<meta name=\"twitter:card\" content=\"summary_large_image\" \/>\n<meta name=\"twitter:label1\" content=\"Tiempo de lectura\" \/>\n\t<meta name=\"twitter:data1\" content=\"1 minuto\" \/>\n<script type=\"application\/ld+json\" class=\"yoast-schema-graph\">{\"@context\":\"https:\/\/schema.org\",\"@graph\":[{\"@type\":\"WebPage\",\"@id\":\"https:\/\/www.felicicat.cat\/es\/blogs\/blog-dempresa-i-benestar\/\",\"url\":\"https:\/\/www.felicicat.cat\/es\/blogs\/blog-dempresa-i-benestar\/\",\"name\":\"Blog de empresa y bienestar - Felicicat\",\"isPartOf\":{\"@id\":\"https:\/\/www.felicicat.cat\/#website\"},\"datePublished\":\"2024-01-03T10:52:12+00:00\",\"dateModified\":\"2024-04-05T18:24:29+00:00\",\"breadcrumb\":{\"@id\":\"https:\/\/www.felicicat.cat\/es\/blogs\/blog-dempresa-i-benestar\/#breadcrumb\"},\"inLanguage\":\"es\",\"potentialAction\":[{\"@type\":\"ReadAction\",\"target\":[\"https:\/\/www.felicicat.cat\/es\/blogs\/blog-dempresa-i-benestar\/\"]}]},{\"@type\":\"BreadcrumbList\",\"@id\":\"https:\/\/www.felicicat.cat\/es\/blogs\/blog-dempresa-i-benestar\/#breadcrumb\",\"itemListElement\":[{\"@type\":\"ListItem\",\"position\":1,\"name\":\"Home\",\"item\":\"https:\/\/www.felicicat.cat\/es\/\"},{\"@type\":\"ListItem\",\"position\":2,\"name\":\"Blogs\",\"item\":\"https:\/\/www.felicicat.cat\/es\/blogs\/\"},{\"@type\":\"ListItem\",\"position\":3,\"name\":\"Blog de empresa y bienestar\"}]},{\"@type\":\"WebSite\",\"@id\":\"https:\/\/www.felicicat.cat\/#website\",\"url\":\"https:\/\/www.felicicat.cat\/\",\"name\":\"Felicicat\",\"description\":\"Institut Catal\u00e0 de la felicitat\",\"publisher\":{\"@id\":\"https:\/\/www.felicicat.cat\/#organization\"},\"potentialAction\":[{\"@type\":\"SearchAction\",\"target\":{\"@type\":\"EntryPoint\",\"urlTemplate\":\"https:\/\/www.felicicat.cat\/?s={search_term_string}\"},\"query-input\":\"required name=search_term_string\"}],\"inLanguage\":\"es\"},{\"@type\":\"Organization\",\"@id\":\"https:\/\/www.felicicat.cat\/#organization\",\"name\":\"Felicicat\",\"url\":\"https:\/\/www.felicicat.cat\/\",\"logo\":{\"@type\":\"ImageObject\",\"inLanguage\":\"es\",\"@id\":\"https:\/\/www.felicicat.cat\/#\/schema\/logo\/image\/\",\"url\":\"https:\/\/www.felicicat.cat\/wp-content\/uploads\/2023\/11\/4_proveslogotipsfelicicatFINAL_Mesadetrabajo1.png\",\"contentUrl\":\"https:\/\/www.felicicat.cat\/wp-content\/uploads\/2023\/11\/4_proveslogotipsfelicicatFINAL_Mesadetrabajo1.png\",\"width\":1500,\"height\":195,\"caption\":\"Felicicat\"},\"image\":{\"@id\":\"https:\/\/www.felicicat.cat\/#\/schema\/logo\/image\/\"}}]}<\/script>\n<!-- \/ Yoast SEO plugin. -->","yoast_head_json":{"title":"Blog de empresa y bienestar - Felicicat","robots":{"index":"index","follow":"follow","max-snippet":"max-snippet:-1","max-image-preview":"max-image-preview:large","max-video-preview":"max-video-preview:-1"},"canonical":"https:\/\/www.felicicat.cat\/es\/blogs\/blog-dempresa-i-benestar\/","og_locale":"es_ES","og_type":"article","og_title":"Blog de empresa y bienestar - Felicicat","og_description":"[vc_row full_width=\u00bbstretch_row\u00bb remove_bottom_col_margin=\u00bbtrue\u00bb css=\u00bb.vc_custom_1701678492324{padding-top: 4% !important;padding-bottom: 4% !important;background-color: #f6f6f6 !important;}\u00bb][vc_column][vc_column_text text_align=\u00bbcenter\u00bb] La secci\u00f3n en la que se exponen contenidos asociados al bienestar organizacional y social de empresas catalanas y\/o que operan en Catalu\u00f1a. Contenidos expuestos en el marco de la colaboraci\u00f3n con el Instituto Catal\u00e1n de la Felicidad, actuando como partner informativo de Via Empresa&hellip;","og_url":"https:\/\/www.felicicat.cat\/es\/blogs\/blog-dempresa-i-benestar\/","og_site_name":"Felicicat","article_modified_time":"2024-04-05T18:24:29+00:00","twitter_card":"summary_large_image","twitter_misc":{"Tiempo de lectura":"1 minuto"},"schema":{"@context":"https:\/\/schema.org","@graph":[{"@type":"WebPage","@id":"https:\/\/www.felicicat.cat\/es\/blogs\/blog-dempresa-i-benestar\/","url":"https:\/\/www.felicicat.cat\/es\/blogs\/blog-dempresa-i-benestar\/","name":"Blog de empresa y bienestar - Felicicat","isPartOf":{"@id":"https:\/\/www.felicicat.cat\/#website"},"datePublished":"2024-01-03T10:52:12+00:00","dateModified":"2024-04-05T18:24:29+00:00","breadcrumb":{"@id":"https:\/\/www.felicicat.cat\/es\/blogs\/blog-dempresa-i-benestar\/#breadcrumb"},"inLanguage":"es","potentialAction":[{"@type":"ReadAction","target":["https:\/\/www.felicicat.cat\/es\/blogs\/blog-dempresa-i-benestar\/"]}]},{"@type":"BreadcrumbList","@id":"https:\/\/www.felicicat.cat\/es\/blogs\/blog-dempresa-i-benestar\/#breadcrumb","itemListElement":[{"@type":"ListItem","position":1,"name":"Home","item":"https:\/\/www.felicicat.cat\/es\/"},{"@type":"ListItem","position":2,"name":"Blogs","item":"https:\/\/www.felicicat.cat\/es\/blogs\/"},{"@type":"ListItem","position":3,"name":"Blog de empresa y bienestar"}]},{"@type":"WebSite","@id":"https:\/\/www.felicicat.cat\/#website","url":"https:\/\/www.felicicat.cat\/","name":"Felicicat","description":"Institut Catal\u00e0 de la felicitat","publisher":{"@id":"https:\/\/www.felicicat.cat\/#organization"},"potentialAction":[{"@type":"SearchAction","target":{"@type":"EntryPoint","urlTemplate":"https:\/\/www.felicicat.cat\/?s={search_term_string}"},"query-input":"required name=search_term_string"}],"inLanguage":"es"},{"@type":"Organization","@id":"https:\/\/www.felicicat.cat\/#organization","name":"Felicicat","url":"https:\/\/www.felicicat.cat\/","logo":{"@type":"ImageObject","inLanguage":"es","@id":"https:\/\/www.felicicat.cat\/#\/schema\/logo\/image\/","url":"https:\/\/www.felicicat.cat\/wp-content\/uploads\/2023\/11\/4_proveslogotipsfelicicatFINAL_Mesadetrabajo1.png","contentUrl":"https:\/\/www.felicicat.cat\/wp-content\/uploads\/2023\/11\/4_proveslogotipsfelicicatFINAL_Mesadetrabajo1.png","width":1500,"height":195,"caption":"Felicicat"},"image":{"@id":"https:\/\/www.felicicat.cat\/#\/schema\/logo\/image\/"}}]}},"uagb_featured_image_src":{"full":false,"thumbnail":false,"medium":false,"medium_large":false,"large":false,"1536x1536":false,"2048x2048":false,"woocommerce_thumbnail":false,"woocommerce_single":false,"woocommerce_gallery_thumbnail":false,"lightbox":false,"search_results":false,"blog_entry":false,"blog_post":false,"blog_post_full":false,"blog_related":false,"portfolio_entry":false,"portfolio_post":false,"portfolio_related":false,"staff_entry":false,"staff_post":false,"staff_related":false,"testimonials_entry":false,"shop_catalog":false,"shop_single":false,"shop_single_thumbnail":false,"shop_category":false,"shop_thumbnail_cart":false,"gallery":false},"uagb_author_info":{"display_name":"admin","author_link":"https:\/\/www.felicicat.cat\/es\/author\/admin2\/"},"uagb_comment_info":0,"uagb_excerpt":"[vc_row full_width=\u00bbstretch_row\u00bb remove_bottom_col_margin=\u00bbtrue\u00bb css=\u00bb.vc_custom_1701678492324{padding-top: 4% !important;padding-bottom: 4% !important;background-color: #f6f6f6 !important;}\u00bb][vc_column][vc_column_text text_align=\u00bbcenter\u00bb] La secci\u00f3n en la que se exponen contenidos asociados al bienestar organizacional y social de empresas catalanas y\/o que operan en Catalu\u00f1a. Contenidos expuestos en el marco de la colaboraci\u00f3n con el Instituto Catal\u00e1n de la Felicidad, actuando como partner informativo de Via Empresa&hellip;","_links":{"self":[{"href":"https:\/\/www.felicicat.cat\/es\/wp-json\/wp\/v2\/pages\/8011"}],"collection":[{"href":"https:\/\/www.felicicat.cat\/es\/wp-json\/wp\/v2\/pages"}],"about":[{"href":"https:\/\/www.felicicat.cat\/es\/wp-json\/wp\/v2\/types\/page"}],"author":[{"embeddable":true,"href":"https:\/\/www.felicicat.cat\/es\/wp-json\/wp\/v2\/users\/1"}],"replies":[{"embeddable":true,"href":"https:\/\/www.felicicat.cat\/es\/wp-json\/wp\/v2\/comments?post=8011"}],"version-history":[{"count":4,"href":"https:\/\/www.felicicat.cat\/es\/wp-json\/wp\/v2\/pages\/8011\/revisions"}],"predecessor-version":[{"id":8632,"href":"https:\/\/www.felicicat.cat\/es\/wp-json\/wp\/v2\/pages\/8011\/revisions\/8632"}],"up":[{"embeddable":true,"href":"https:\/\/www.felicicat.cat\/es\/wp-json\/wp\/v2\/pages\/8020"}],"wp:attachment":[{"href":"https:\/\/www.felicicat.cat\/es\/wp-json\/wp\/v2\/media?parent=8011"}],"curies":[{"name":"wp","href":"https:\/\/api.w.org\/{rel}","templated":true}]}}