{"id":13027,"date":"2025-02-03T08:30:38","date_gmt":"2025-02-03T08:30:38","guid":{"rendered":"https:\/\/www.felicicat.cat\/?page_id=13027"},"modified":"2026-02-26T18:19:54","modified_gmt":"2026-02-26T18:19:54","slug":"conferenciantes-de-la-felicidad","status":"publish","type":"page","link":"https:\/\/www.felicicat.cat\/es\/conferenciantes-de-la-felicidad\/","title":{"rendered":"Conferenciantes de la felicidad"},"content":{"rendered":"<div class=\"wpb-content-wrapper\">[vc_row full_width=\u00bbstretch_row\u00bb remove_bottom_col_margin=\u00bbtrue\u00bb css=\u00bb.vc_custom_1702373524986{padding-top: 4% !important;padding-bottom: 4% !important;background-color: #f6f6f6 !important;}\u00bb][vc_column]<style>.vcex-heading.vcex_69f34921eee1e{width:780px;font-size:25px;font-weight:400;}<\/style><h2 class=\"vcex-heading vcex-heading-plain vcex-module wpex-heading wpex-text-2xl wpex-text-center wpex-max-w-100 wpex-mx-auto vcex_69f34921eee1e\"><span class=\"vcex-heading-inner wpex-inline-block\"><strong>El Instituto Catal\u00e1n de la Felicidad<\/strong> cuenta con conferenciantes especializados en bienestar y liderazgo positivo, que inspiran y transforman las organizaciones a trav\u00e9s de la divulgaci\u00f3n de su conocimiento.<\/span><\/h2>[\/vc_column][\/vc_row][vc_section css=\u00bb.vc_custom_1701677504036{padding-top: 7% !important;padding-bottom: 4% !important;}\u00bb][vc_row full_width=\u00bbstretch_row\u00bb content_placement=\u00bbmiddle\u00bb column_spacing=\u00bb30&#8243; bg_style=\u00bbstretch\u00bb][vc_column width=\u00bb1\/2&#8243;]<style>.vcex-heading.vcex_69f34921efed1{font-size:25px;font-weight:600;}<\/style><h3 class=\"vcex-heading vcex-heading-plain vcex-module wpex-heading wpex-text-2xl vcex_69f34921efed1\"><span class=\"vcex-heading-inner wpex-inline-block\"><strong class=\"groc-corp\">ALEX ROMAN\u00cd<\/strong><\/span><\/h3><style>.vcex-heading.vcex_69f34921f07f8{font-size:18px;font-weight:600;}<\/style><h3 class=\"vcex-heading vcex-heading-plain vcex-module wpex-heading wpex-text-2xl vcex_69f34921f07f8\"><span class=\"vcex-heading-inner wpex-inline-block\">Doctor en psicolog\u00eda y comunicador<\/span><\/h3><style> style=\"padding-top:8px;padding-bottom:8px;\"<\/style><div class=\"vcex-module vcex-divider-dots wpex-mx-auto wpex-last-mr-0 vcex-divider-dots--lg wpex-text-left\" style=\"padding-top:8px;padding-bottom:8px;\"><span class=\"wpex-inline-block wpex-rounded-full wpex-bg-accent wpex-mr-10\" style=\"background:#ffec00;\"><\/span><span class=\"wpex-inline-block wpex-rounded-full wpex-bg-accent wpex-mr-10\" style=\"background:#ffec00;\"><\/span><\/div>[vc_column_text]Alex es <strong>Doctor en Psicolog\u00eda (cum laude)<\/strong>, tiene un\u00a0<strong>M\u00e1ster en Psicolog\u00eda Positiva Aplicada<\/strong>\u00a0(Universitat Jaume I) y un<strong>\u00a0M\u00e1ster en Investigaci\u00f3n e intervenci\u00f3n Psicosocial<\/strong> (Universitat Aut\u00f2noma de Barcelona) donde le fue otorgada la Matr\u00edcula de Honor.<\/p>\n<p>Es <strong>profesor<\/strong> de Psicolog\u00eda de las Organizaciones en la Universitat Pompeu Fabra y tambi\u00e9n de Psicolog\u00eda del Trabajo en la Universitat Aut\u00f2noma de Barcelona. Tambi\u00e9n colabora con la Universitat Oberta de Catalunya.<\/p>\n<p>Actualmente, se dedica a hacer <strong>conferencias y formaciones de Salud, Bienestar y Cultura positiva para organizaciones<\/strong>. Ha publicado varios<strong> art\u00edculos cient\u00edficos<\/strong>, es <strong>conferenciante internacional<\/strong> y ha trabajado con una gran variedad de Pymes y multinacionales haciendo talleres de Mindfulness, Gesti\u00f3n del estr\u00e9s, Motivaci\u00f3n y Felicidad al trabajo.[\/vc_column_text]<style> style=\"height:40px;\"<\/style><div class=\"vcex-spacing wpex-w-100 wpex-clear\" style=\"height:40px;\"><\/div><a href=\"https:\/\/www.felicicat.cat\/es\/portfolio-item\/alex-romani\/\" class=\"vcex-button theme-button flat teal medium align-left inline\" style=\"background:#ffec00;color:#222222;border-radius:0px;\" data-wpex-hover='{&quot;background&quot;:&quot;#222222&quot;,&quot;color&quot;:&quot;#ffec00&quot;}' title=\"Learn More About Our Webinars\"><span class=\"vcex-button-inner theme-button-inner\">Acceder a la ficha del facilitador<span class=\"vcex-button-icon vcex-icon-wrap theme-button-icon-right\"><span class=\"ticon ticon-angle-right\" aria-hidden=\"true\"><\/span><\/span><\/span><\/a> [\/vc_column][vc_column width=\u00bb1\/2&#8243;][vc_single_image image=\u00bb13102&#8243; img_size=\u00bb900&#215;900 (Amplada x Al\u00e7ada)\u00bb css_animation=\u00bbleft-to-right\u00bb][\/vc_column][\/vc_row][vc_row full_width=\u00bbstretch_row\u00bb content_placement=\u00bbmiddle\u00bb column_spacing=\u00bb30&#8243; columns_right=\u00bbyes\u00bb bg_style=\u00bbstretch\u00bb][vc_column width=\u00bb1\/2&#8243;]<style>.vcex-heading.vcex_69f34921f2ce9{font-size:18px;font-weight:600;}<\/style><h3 class=\"vcex-heading vcex-heading-plain vcex-module wpex-heading wpex-text-2xl vcex_69f34921f2ce9\"><span class=\"vcex-heading-inner wpex-inline-block\"><strong class=\"groc-corp\">XAVIER MARLASCA<\/strong><\/span><\/h3><style>.vcex-heading.vcex_69f34921f37cf{font-size:18px;font-weight:600;}<\/style><h3 class=\"vcex-heading vcex-heading-plain vcex-module wpex-heading wpex-text-2xl vcex_69f34921f37cf\"><span class=\"vcex-heading-inner wpex-inline-block\">Change Management, Soft Skills i Neuromarketing<\/span><\/h3><style> style=\"padding-top:8px;padding-bottom:8px;\"<\/style><div class=\"vcex-module vcex-divider-dots wpex-mx-auto wpex-last-mr-0 vcex-divider-dots--lg wpex-text-left\" style=\"padding-top:8px;padding-bottom:8px;\"><span class=\"wpex-inline-block wpex-rounded-full wpex-bg-accent wpex-mr-10\" style=\"background:#ffec00;\"><\/span><span class=\"wpex-inline-block wpex-rounded-full wpex-bg-accent wpex-mr-10\" style=\"background:#ffec00;\"><\/span><\/div>[vc_column_text]Xavi es <strong>profesor de ESADE y del European University<\/strong>, donde crea y lidera asignaturas para <strong>inspirar directivos<\/strong> desde hace a\u00f1os.<\/p>\n<p>Destaca en 3 aspectos: Procesos de <strong>Change Management<\/strong> (Gesti\u00f3n del Cambio Cultural, Agile y Scrum, o Customer Centric); Formaci\u00f3n de <strong>Soft Skills<\/strong> (comunicaci\u00f3n con influencia, gesti\u00f3n de equipos y stakeholders, liderazgo, priorizaci\u00f3n, etc); y <strong>Neuromarketing<\/strong> (Psicolog\u00eda y Neurociencia aplicadas). Es capaz de transformar <strong>perfiles reactivos y pasivos en personas proactivas y motivadas<\/strong>, adapt\u00e1ndose a las necesidades y potencial de cada trabajador o directivo de empresas.<\/p>\n<p>Su experiencia se traduce en un enfoque<strong> aterrizado y pragm\u00e1tico<\/strong>. Su estilo se caracteriza por el tono <strong>emp\u00e1tico<\/strong> y altas dosis de <strong>engagement<\/strong> en todos sus talleres, acompa\u00f1amientos y formaciones.[\/vc_column_text]<style> style=\"height:40px;\"<\/style><div class=\"vcex-spacing wpex-w-100 wpex-clear\" style=\"height:40px;\"><\/div><a href=\"https:\/\/www.felicicat.cat\/es\/portfolio-item\/xavier-marlasca\/\" class=\"vcex-button theme-button flat teal medium align-left inline\" style=\"background:#ffec00;color:#222222;border-radius:0px;\" data-wpex-hover='{&quot;background&quot;:&quot;#222222&quot;,&quot;color&quot;:&quot;#ffec00&quot;}' title=\"Learn More About Our Webinars\"><span class=\"vcex-button-inner theme-button-inner\">Acceder a la ficha del facilitador<span class=\"vcex-button-icon vcex-icon-wrap theme-button-icon-right\"><span class=\"ticon ticon-angle-right\" aria-hidden=\"true\"><\/span><\/span><\/span><\/a> [\/vc_column][vc_column width=\u00bb1\/2&#8243;][vc_single_image image=\u00bb13204&#8243; img_size=\u00bb900&#215;900 (Amplada x Al\u00e7ada)\u00bb css_animation=\u00bbleft-to-right\u00bb][\/vc_column][\/vc_row][vc_row full_width=\u00bbstretch_row\u00bb content_placement=\u00bbmiddle\u00bb column_spacing=\u00bb30&#8243; bg_style=\u00bbstretch\u00bb][vc_column width=\u00bb1\/2&#8243;]<style>.vcex-heading.vcex_69f34922012f9{font-size:25px;font-weight:600;}<\/style><h3 class=\"vcex-heading vcex-heading-plain vcex-module wpex-heading wpex-text-2xl vcex_69f34922012f9\"><span class=\"vcex-heading-inner wpex-inline-block\"><strong class=\"groc-corp\">EDUARD ALCARAZ<\/strong><\/span><\/h3><style>.vcex-heading.vcex_69f3492201b07{font-size:18px;font-weight:600;}<\/style><h3 class=\"vcex-heading vcex-heading-plain vcex-module wpex-heading wpex-text-2xl vcex_69f3492201b07\"><span class=\"vcex-heading-inner wpex-inline-block\">Ide\u00f3logo y fundador del proyecto feliciCat<\/span><\/h3><style> style=\"padding-top:8px;padding-bottom:8px;\"<\/style><div class=\"vcex-module vcex-divider-dots wpex-mx-auto wpex-last-mr-0 vcex-divider-dots--lg wpex-text-left\" style=\"padding-top:8px;padding-bottom:8px;\"><span class=\"wpex-inline-block wpex-rounded-full wpex-bg-accent wpex-mr-10\" style=\"background:#ffec00;\"><\/span><span class=\"wpex-inline-block wpex-rounded-full wpex-bg-accent wpex-mr-10\" style=\"background:#ffec00;\"><\/span><\/div>[vc_column_text]\n<div>Eduard es\u00a0<b>conferenciante, gestor de equipos y docente universitario.<\/b>\u00a0Es un\u00a0<b>amante de los entornos donde se generan relaciones de calidad.<\/b>\u00a0Declara que la felicidad es un sentimiento que tiene que ser estudiado a fondo en todos los entornos de nuestra vida, y que tiene que dejar de ser un \u201ctema tab\u00fa\u201d en el trabajo y en las escuelas. S\u00ed! La gente puede ser feliz al trabajo, siente perfectamente demostrable que invertir en bienestar organizacional permite a cualquier empresa ser rentable.<\/div>\n<div><\/div>\n<div>Es\u00a0<b>maestro en psicolog\u00eda positiva<\/b>\u00a0y ayuda a empresas a desarrollar estrategias bienestar organizacional. Su experiencia como docente y conferenciante le permite dise\u00f1ar y ejecutar talleres y programas formativos. Actualmente, es\u00a0<b>doctorando a la\u00a0<\/b><span class=\"x_1965947129highlight\"><b>FCRI<\/b><\/span>\u00a0(Facultad de Comunicaci\u00f3n y Relaciones Internacionales Blanquerna) dedicando su\u00a0<b>tesis a la felicidad laboral<\/b>. Tambi\u00e9n es colaborador habitual de universidades y escuelas de negocio de Catalu\u00f1a, como la\u00a0<span class=\"x_1965947129highlight\">EUM<\/span>, URL,\u00a0<span class=\"x_1965947129highlight\">EUNCET\/UPC<\/span>\u00a0y\u00a0<span class=\"x_1965947129highlight\">EAE<\/span>,\u00a0<span class=\"x_1965947129highlight\">OBS)<\/span>.<\/div>\n[\/vc_column_text]<style> style=\"height:40px;\"<\/style><div class=\"vcex-spacing wpex-w-100 wpex-clear\" style=\"height:40px;\"><\/div><a href=\"https:\/\/www.felicicat.cat\/es\/portfolio-item\/eduard-alcaraz-2\/\" class=\"vcex-button theme-button flat teal medium align-left inline\" style=\"background:#ffec00;color:#222222;border-radius:0px;\" data-wpex-hover='{&quot;background&quot;:&quot;#222222&quot;,&quot;color&quot;:&quot;#ffec00&quot;}' title=\"Learn More About Our Webinars\"><span class=\"vcex-button-inner theme-button-inner\">Acceder a la ficha del facilitador<span class=\"vcex-button-icon vcex-icon-wrap theme-button-icon-right\"><span class=\"ticon ticon-angle-right\" aria-hidden=\"true\"><\/span><\/span><\/span><\/a> [\/vc_column][vc_column width=\u00bb1\/2&#8243;][vc_single_image image=\u00bb13121&#8243; img_size=\u00bb900&#215;900 (Amplada x Al\u00e7ada)\u00bb css_animation=\u00bbleft-to-right\u00bb][\/vc_column][\/vc_row][\/vc_section][vc_row full_width=\u00bbstretch_row\u00bb content_placement=\u00bbmiddle\u00bb column_spacing=\u00bb30&#8243; columns_right=\u00bbyes\u00bb bg_style=\u00bbstretch\u00bb][vc_column width=\u00bb1\/2&#8243;]<style>.vcex-heading.vcex_69f3492203431{font-size:25px;font-weight:600;}<\/style><h3 class=\"vcex-heading vcex-heading-plain vcex-module wpex-heading wpex-text-2xl vcex_69f3492203431\"><span class=\"vcex-heading-inner wpex-inline-block\"><strong class=\"groc-corp\">MARC CASTELLV\u00cd<\/strong><\/span><\/h3><style>.vcex-heading.vcex_69f3492203c2f{font-size:18px;font-weight:600;}<\/style><h3 class=\"vcex-heading vcex-heading-plain vcex-module wpex-heading wpex-text-2xl vcex_69f3492203c2f\"><span class=\"vcex-heading-inner wpex-inline-block\">Consultor, coach i facilitador empresarial<\/span><\/h3><style> style=\"padding-top:8px;padding-bottom:8px;\"<\/style><div class=\"vcex-module vcex-divider-dots wpex-mx-auto wpex-last-mr-0 vcex-divider-dots--lg wpex-text-left\" style=\"padding-top:8px;padding-bottom:8px;\"><span class=\"wpex-inline-block wpex-rounded-full wpex-bg-accent wpex-mr-10\" style=\"background:#ffec00;\"><\/span><span class=\"wpex-inline-block wpex-rounded-full wpex-bg-accent wpex-mr-10\" style=\"background:#ffec00;\"><\/span><\/div>[vc_column_text]Marc tiene una<strong> s\u00f3lida trayectoria<\/strong> en la mejora de la <strong>satisfacci\u00f3n de los empleados<\/strong> y la<strong> gesti\u00f3n de las personas<\/strong> en las organizaciones. <strong>Transforma equipos y directivos en l\u00edderes resilientes y proactivos<\/strong>. Su estilo,<strong> pr\u00f3ximo y profesional<\/strong>, se adapta a las necesidades espec\u00edficas de cada organizaci\u00f3n y equipo, generando un<strong> impacto positivo y duradero.<\/strong><\/p>\n<p>Es<strong> investigador y profesor<\/strong> asociado del Departamento de Psicolog\u00eda Social de la Universitat Aut\u00f2noma de Barcelona. Destaca en tres \u00e1reas principales: consultor\u00eda integral para la mejora organizacional, formaci\u00f3n en Soft Skills y gesti\u00f3n del cambio.<\/p>\n<p>Tambi\u00e9n es\u00a0<strong>cofundador y CMO de la startup WonzsAi Corporate Services S.L.<\/strong>, enfocada en el desarrollo tecnol\u00f3gico para impulsar la satisfacci\u00f3n y la employee engagement a las organizaciones.[\/vc_column_text]<style> style=\"height:40px;\"<\/style><div class=\"vcex-spacing wpex-w-100 wpex-clear\" style=\"height:40px;\"><\/div><a href=\"https:\/\/www.felicicat.cat\/es\/portfolio-item\/marc-castellvi\/\" class=\"vcex-button theme-button flat teal medium align-left inline\" style=\"background:#ffec00;color:#222222;border-radius:0px;\" data-wpex-hover='{&quot;background&quot;:&quot;#222222&quot;,&quot;color&quot;:&quot;#ffec00&quot;}' title=\"Learn More About Our Webinars\"><span class=\"vcex-button-inner theme-button-inner\">Acceder a la ficha del facilitador<span class=\"vcex-button-icon vcex-icon-wrap theme-button-icon-right\"><span class=\"ticon ticon-angle-right\" aria-hidden=\"true\"><\/span><\/span><\/span><\/a> [\/vc_column][vc_column width=\u00bb1\/2&#8243;][vc_single_image image=\u00bb13202&#8243; img_size=\u00bb900&#215;900 (Amplada x Al\u00e7ada)\u00bb css_animation=\u00bbleft-to-right\u00bb][\/vc_column][\/vc_row][vc_row remove_bottom_col_margin=\u00bbtrue\u00bb][vc_column][vc_column_text text_align=\u00bbcenter\u00bb]\n<h3 style=\"text-align: center;\"><span class=\"wpex-text-2xl\"><b>TE GUSTAR\u00cdA CONTRATAR UNA CONFERENCIA SOBRE LA FELICIDAD EN ADAPTADA A ALG\u00daN \u00c1MBITO O SECTOR CONCRETO?<\/b><\/span><\/h3>\n<h4 style=\"text-align: center;\"><span class=\"wpex-text-xl text-highlight\">Completa el siguiente formulario y contactaremos contigo en un m\u00e1ximo de 48 horas.<\/span><\/h4>\n[\/vc_column_text]<div class=\"wpforms-container wpforms-container-full wpforms-render-modern\" id=\"wpforms-13069\"><form id=\"wpforms-form-13069\" class=\"wpforms-validate wpforms-form wpforms-ajax-form\" data-formid=\"13069\" method=\"post\" enctype=\"multipart\/form-data\" action=\"\/es\/wp-json\/wp\/v2\/pages\/13027\" data-token=\"9868b362416f660691bbca721d18f892\"><noscript class=\"wpforms-error-noscript\">Por favor, activa JavaScript en tu navegador para completar este formulario.<\/noscript><div class=\"wpforms-hidden\" id=\"wpforms-error-noscript\">Por favor, activa JavaScript en tu navegador para completar este formulario.<\/div><div class=\"wpforms-field-container\"><div id=\"wpforms-13069-field_0-container\" class=\"wpforms-field wpforms-field-name\" data-field-id=\"0\"><fieldset><legend class=\"wpforms-field-label wpforms-label-hide\" aria-hidden=\"false\">Nombre <span class=\"wpforms-required-label\" aria-hidden=\"true\">*<\/span><\/legend><div class=\"wpforms-field-row wpforms-field-large\"><div class=\"wpforms-field-row-block wpforms-first wpforms-one-half\"><input type=\"text\" id=\"wpforms-13069-field_0\" class=\"wpforms-field-name-first wpforms-field-required\" name=\"wpforms[fields][0][first]\" placeholder=\"Nombre *\" aria-errormessage=\"wpforms-13069-field_0-error\" required><label for=\"wpforms-13069-field_0\" class=\"wpforms-field-sublabel after wpforms-sublabel-hide\">Nombre<\/label><\/div><div class=\"wpforms-field-row-block wpforms-one-half\"><input type=\"text\" id=\"wpforms-13069-field_0-last\" class=\"wpforms-field-name-last wpforms-field-required\" name=\"wpforms[fields][0][last]\" placeholder=\"Apellidos *\" aria-errormessage=\"wpforms-13069-field_0-last-error\" required><label for=\"wpforms-13069-field_0-last\" class=\"wpforms-field-sublabel after wpforms-sublabel-hide\">Apellidos<\/label><\/div><\/div><\/fieldset><\/div><div id=\"wpforms-13069-field_1-container\" class=\"wpforms-field wpforms-field-email\" data-field-id=\"1\"><label class=\"wpforms-field-label wpforms-label-hide\" for=\"wpforms-13069-field_1\" aria-hidden=\"false\">Correo electr\u00f3nico <span class=\"wpforms-required-label\" aria-hidden=\"true\">*<\/span><\/label><input type=\"email\" id=\"wpforms-13069-field_1\" class=\"wpforms-field-large wpforms-field-required\" name=\"wpforms[fields][1]\" placeholder=\"Email *\" spellcheck=\"false\" aria-errormessage=\"wpforms-13069-field_1-error\" required><\/div><div id=\"wpforms-13069-field_10-container\" class=\"wpforms-field wpforms-field-text\" data-field-id=\"10\"><label class=\"wpforms-field-label\" for=\"wpforms-13069-field_10\">Tel\u00e9fono de contacto (opcional)<\/label><input type=\"text\" id=\"wpforms-13069-field_10\" class=\"wpforms-field-medium\" name=\"wpforms[fields][10]\" aria-errormessage=\"wpforms-13069-field_10-error\" ><\/div><div id=\"wpforms-13069-field_6-container\" class=\"wpforms-field wpforms-field-payment-select wpforms-field-select-style-modern\" data-field-id=\"6\"><label class=\"wpforms-field-label\" for=\"wpforms-13069-field_6\">\u00bfEres empresa o particular? <span class=\"wpforms-required-label\" aria-hidden=\"true\">*<\/span><\/label><select id=\"wpforms-13069-field_6\" class=\"wpforms-payment-price wpforms-field-large wpforms-field-required choicesjs-select\" data-size-class=\"wpforms-field-row wpforms-field-large\" data-search-enabled=\"\" name=\"wpforms[fields][6]\" required=\"required\"><option value=\"\" class=\"placeholder\" disabled  selected='selected'>Empresa<\/option><option value=\"1\" data-amount=\"0.00\" data-custom-properties=\"0.00\" >Empresa<\/option><option value=\"2\" data-amount=\"0.00\" data-custom-properties=\"0.00\" >Particular<\/option><\/select><\/div><div id=\"wpforms-13069-field_9-container\" class=\"wpforms-field wpforms-field-payment-select wpforms-field-select-style-modern\" data-field-id=\"9\"><label class=\"wpforms-field-label\" for=\"wpforms-13069-field_9\">Conferenciante en el que est\u00e1s interesado <span class=\"wpforms-required-label\" aria-hidden=\"true\">*<\/span><\/label><select id=\"wpforms-13069-field_9\" class=\"wpforms-payment-price wpforms-field-large wpforms-field-required choicesjs-select\" data-size-class=\"wpforms-field-row wpforms-field-large\" data-search-enabled=\"\" name=\"wpforms[fields][9]\" required=\"required\"><option value=\"\" class=\"placeholder\" disabled  selected='selected'>Alex Roman\u00ed<\/option><option value=\"1\" data-amount=\"0.00\" data-custom-properties=\"0.00\" >Alex Roman\u00ed<\/option><option value=\"2\" data-amount=\"0.00\" data-custom-properties=\"0.00\" >Marc Castellv\u00ed<\/option><option value=\"4\" data-amount=\"0.00\" data-custom-properties=\"0.00\" >Eduard Alcaraz<\/option><option value=\"3\" data-amount=\"0.00\" data-custom-properties=\"0.00\" >Xavier Marlasca<\/option><option value=\"5\" data-amount=\"0.00\" data-custom-properties=\"0.00\" >Me resulta indiferente<\/option><\/select><\/div><div id=\"wpforms-13069-field_2-container\" class=\"wpforms-field wpforms-field-textarea\" data-field-id=\"2\"><label class=\"wpforms-field-label wpforms-label-hide\" for=\"wpforms-13069-field_2\" aria-hidden=\"false\">\u00bfTienes algo que contarnos?<\/label><textarea id=\"wpforms-13069-field_2\" class=\"wpforms-field-large\" name=\"wpforms[fields][2]\" placeholder=\"Deja un comentario\" aria-errormessage=\"wpforms-13069-field_2-error\" ><\/textarea><\/div><div id=\"wpforms-13069-field_4-container\" class=\"wpforms-field wpforms-field-checkbox\" data-field-id=\"4\"><fieldset><legend class=\"wpforms-field-label wpforms-label-hide\" aria-hidden=\"false\">Verificaci\u00f3n <span class=\"wpforms-required-label\" aria-hidden=\"true\">*<\/span><\/legend><ul id=\"wpforms-13069-field_4\" class=\"wpforms-field-required\"><li class=\"choice-1 depth-1\"><input type=\"checkbox\" id=\"wpforms-13069-field_4_1\" name=\"wpforms[fields][4][]\" value=\"He le\u00eddo y acepto el &lt;a target=&quot;_blank&quot; rel=&quot;nofollow noopener noreferrer&quot; href=&quot;\/avis-legal\/&quot;&gt;Aviso Legal&lt;\/a&gt; i la &lt;a href=&quot;\/politica-de-privacitat\/&quot; rel=&quot;nofollow noopener noreferrer&quot; target=&quot;_blank&quot;&gt;Pol\u00edtica de Privacidad&lt;\/a&gt; de feliciCat.cat\" aria-errormessage=\"wpforms-13069-field_4_1-error\" required ><label class=\"wpforms-field-label-inline\" for=\"wpforms-13069-field_4_1\">He le\u00eddo y acepto el <a target=\"_blank\" rel=\"nofollow noopener noreferrer\" href=\"\/avis-legal\/\">Aviso Legal<\/a> i la <a href=\"\/politica-de-privacitat\/\" rel=\"nofollow noopener noreferrer\" target=\"_blank\">Pol\u00edtica de Privacidad<\/a> de feliciCat.cat<\/label><\/li><\/ul><\/fieldset><\/div><\/div><!-- .wpforms-field-container --><div class=\"wpforms-recaptcha-container wpforms-is-recaptcha wpforms-is-recaptcha-type-v3\" ><input type=\"hidden\" name=\"wpforms[recaptcha]\" value=\"\"><\/div><div class=\"wpforms-submit-container\" ><input type=\"hidden\" name=\"wpforms[id]\" value=\"13069\"><input type=\"hidden\" name=\"wpforms[author]\" value=\"2\"><button type=\"submit\" name=\"wpforms[submit]\" id=\"wpforms-submit-13069\" class=\"wpforms-submit\" data-alt-text=\"Enviar formulario\" data-submit-text=\"Enviar formulario\" aria-live=\"assertive\" value=\"wpforms-submit\">Enviar formulario<\/button><img src=\"https:\/\/www.felicicat.cat\/wp-content\/plugins\/wpforms-lite\/assets\/images\/submit-spin.svg\" class=\"wpforms-submit-spinner\" style=\"display: none;\" width=\"26\" height=\"26\" alt=\"Cargando\"><\/div><\/form><\/div>  <!-- .wpforms-container -->[\/vc_column][\/vc_row][vc_section full_width=\u00bbstretch_row\u00bb css=\u00bb.vc_custom_1702379821129{padding-top: 8% !important;padding-bottom: 4% !important;background-color: #f6f6f6 !important;}\u00bb][vc_row][vc_column width=\u00bb1\/2&#8243;]<style>.vcex-heading.vcex_69f3492211fed{font-size:30px;font-weight:600;}<\/style><h2 class=\"vcex-heading vcex-heading-plain vcex-module wpex-heading wpex-text-2xl wpex-text-center vcex_69f3492211fed\"><span class=\"vcex-heading-inner wpex-inline-block\">\u00bfQuieres colaborar con <strong>feliciCat<\/strong> ?<\/span><\/h2><style> style=\"height:30px;\"<\/style><div class=\"vcex-spacing wpex-w-100 wpex-clear\" style=\"height:30px;\"><\/div><div class=\"theme-button-wrap textcenter wpex-clr\"><a href=\"\/contacte\/\" class=\"vcex-button theme-button align-center inline\" style=\"font-size:16px;font-weight:400;\" data-wpex-hover='{&quot;background&quot;:&quot;#222222&quot;,&quot;color&quot;:&quot;#ffec00&quot;}'><span class=\"vcex-button-inner theme-button-inner\">Quiero contactar con felicidad<span class=\"vcex-button-icon vcex-icon-wrap theme-button-icon-right\"><span class=\"ticon ticon-envelope-o\" aria-hidden=\"true\"><\/span><\/span><\/span><\/a><\/div> [\/vc_column][vc_column width=\u00bb1\/2&#8243;]<style>.vcex-heading.vcex_69f3492213ee3{font-size:30px;font-weight:600;}<\/style><h2 class=\"vcex-heading vcex-heading-plain vcex-module wpex-heading wpex-text-2xl wpex-text-center vcex_69f3492213ee3\"><span class=\"vcex-heading-inner wpex-inline-block\">La <strong>presentaci\u00f3 de feliciCat<\/strong><\/span><\/h2><style> style=\"height:30px;\"<\/style><div class=\"vcex-spacing wpex-w-100 wpex-clear\" style=\"height:30px;\"><\/div><div class=\"theme-button-wrap textcenter wpex-clr\"><a href=\"https:\/\/www.felicicat.cat\/wp-content\/uploads\/2024\/08\/Presentacio-feliciCat-CAT-1_compressed-vf.pdf\" class=\"vcex-button theme-button align-center inline\" style=\"font-size:16px;font-weight:400;\" data-wpex-hover='{&quot;background&quot;:&quot;#222222&quot;,&quot;color&quot;:&quot;#ffec00&quot;}'><span class=\"vcex-button-inner theme-button-inner\">Descarrega la presentaci\u00f3 de feliciCat<span class=\"vcex-button-icon vcex-icon-wrap theme-button-icon-right\"><span class=\"ticon ticon-envelope-o\" aria-hidden=\"true\"><\/span><\/span><\/span><\/a><\/div> [\/vc_column][\/vc_row][\/vc_section][vc_row remove_bottom_col_margin=\u00bbtrue\u00bb][vc_column]<div class=\"templatera_shortcode\"><style type=\"text\/css\" data-type=\"vc_shortcodes-custom-css\">.vc_custom_1709635499029{padding-top: 80px !important;padding-bottom: 80px !important;background-color: #f5f5f5 !important;}.vc_custom_1773133358046{padding-bottom: 15px !important;}<\/style>[vc_row full_width=\"stretch_row\" parallax=\"content-moving\" parallax_image=\"5357\" remove_bottom_col_margin=\"true\" wpex_bg_overlay=\"color\" css=\".vc_custom_1709635499029{padding-top: 80px !important;padding-bottom: 80px !important;background-color: #f5f5f5 !important;}\" wpex_bg_overlay_color=\"#222222\" wpex_bg_overlay_opacity=\"0.75\"][vc_column]<style>.vcex-heading.vcex_69f3492216380{color:#ffffff;font-size:32px;font-weight:400;text-transform:uppercase;}@media (max-width:1024px){.vcex-heading.vcex_69f3492216380{font-size:30px;}}@media (max-width:959px){.vcex-heading.vcex_69f3492216380{font-size:26px;}}@media (max-width:767px){.vcex-heading.vcex_69f3492216380{font-size:24px;}}<\/style><h2 class=\"vcex-heading vcex-heading-plain vcex-module wpex-heading wpex-text-2xl wpex-text-center vc_custom_1773133358046 vcex_69f3492216380\"><span class=\"vcex-heading-inner wpex-inline-block\">\u00bfQuieres formar parte de la comunidad de aliados del Instituto Catal\u00e1n de la Felicidad?<\/span><\/h2><div class=\"vcex-spacing wpex-w-100 wpex-clear\"><\/div><div class=\"theme-button-wrap textcenter wpex-clr\"><a href=\"\/es\/contacte\/\" class=\"vcex-button theme-button minimal-border align-center inline\" style=\"background:rgba(34,34,34,0.01);color:#ffffff;border:1px solid #ffffff;font-size:16px;font-weight:400;border-radius:0px;\" data-wpex-hover='{&quot;background&quot;:&quot;#ffffff&quot;,&quot;color&quot;:&quot;#222222&quot;}' title=\"Accedir al manifest\"><span class=\"vcex-button-inner theme-button-inner\">Completa el siguiente formulario<span class=\"vcex-button-icon vcex-icon-wrap theme-button-icon-right\"><span class=\"ticon ticon-envelope-o\" aria-hidden=\"true\"><\/span><\/span><\/span><\/a><\/div> [\/vc_column][\/vc_row]<\/div>[\/vc_column][\/vc_row][vc_row remove_bottom_col_margin=\u00bbtrue\u00bb][vc_column]<div class=\"templatera_shortcode\"><style type=\"text\/css\" data-type=\"vc_shortcodes-custom-css\">.vc_custom_1709635550408{padding-top: 80px !important;padding-bottom: 80px !important;background-color: #f5f5f5 !important;}.vc_custom_1709635572058{padding-bottom: 15px !important;}<\/style>[vc_row full_width=\"stretch_row\" parallax=\"content-moving\" parallax_image=\"6615\" remove_bottom_col_margin=\"true\" wpex_bg_overlay=\"color\" css=\".vc_custom_1709635550408{padding-top: 80px !important;padding-bottom: 80px !important;background-color: #f5f5f5 !important;}\" wpex_bg_overlay_color=\"#ffec00\" wpex_bg_overlay_opacity=\"1\"][vc_column]<style>.vcex-heading.vcex_69f3492218dea{width:700px;color:#222222;font-size:32px;font-weight:400;}@media (max-width:1024px){.vcex-heading.vcex_69f3492218dea{font-size:30px;}}@media (max-width:959px){.vcex-heading.vcex_69f3492218dea{font-size:26px;}}@media (max-width:767px){.vcex-heading.vcex_69f3492218dea{font-size:24px;}}<\/style><h2 class=\"vcex-heading vcex-heading-plain vcex-module wpex-heading wpex-text-2xl wpex-text-center wpex-max-w-100 wpex-mx-auto vc_custom_1709635572058 vcex_69f3492218dea\"><span class=\"vcex-heading-inner wpex-inline-block\">\u00bfTe interesar\u00eda recibir informaci\u00f3n sobre bienestar y la actividad de <strong>felicidad<\/strong> ?<\/span><\/h2><style> style=\"height:15px;\"<\/style><div class=\"vcex-spacing wpex-w-100 wpex-clear\" style=\"height:15px;\"><\/div>[vc_column_text text_align=\"center\" color=\"#222222\" font_size=\"18px\"]Suscr\u00edbete a nuestra newsletter:[\/vc_column_text]<style> style=\"height:25px;\"<\/style><div class=\"vcex-spacing wpex-w-100 wpex-clear\" style=\"height:25px;\"><\/div>[vc_raw_html]W3NpYndwX2Zvcm0gaWQ9Ml0=[\/vc_raw_html][\/vc_column][\/vc_row]<\/div>[\/vc_column][\/vc_row]\n<\/div>","protected":false},"excerpt":{"rendered":"<p>[vc_row full_width=\u00bbstretch_row\u00bb remove_bottom_col_margin=\u00bbtrue\u00bb css=\u00bb.vc_custom_1702373524986{padding-top: 4% !important;padding-bottom: 4% !important;background-color: #f6f6f6 !important;}\u00bb][vc_column][\/vc_column][\/vc_row][vc_section css=\u00bb.vc_custom_1701677504036{padding-top: 7% !important;padding-bottom: 4% !important;}\u00bb][vc_row full_width=\u00bbstretch_row\u00bb content_placement=\u00bbmiddle\u00bb column_spacing=\u00bb30&#8243; bg_style=\u00bbstretch\u00bb][vc_column width=\u00bb1\/2&#8243;][vc_column_text]Alex es Doctor en Psicolog\u00eda (cum laude), tiene un\u00a0M\u00e1ster en Psicolog\u00eda Positiva Aplicada\u00a0(Universitat Jaume I) y un\u00a0M\u00e1ster en Investigaci\u00f3n e intervenci\u00f3n Psicosocial (Universitat Aut\u00f2noma de Barcelona) donde le fue otorgada la Matr\u00edcula de Honor. Es profesor&hellip;<\/p>\n","protected":false},"author":2,"featured_media":0,"parent":0,"menu_order":0,"comment_status":"closed","ping_status":"closed","template":"","meta":{"_uag_custom_page_level_css":"","footnotes":""},"yoast_head":"<!-- This site is optimized with the Yoast SEO plugin v22.5 - https:\/\/yoast.com\/wordpress\/plugins\/seo\/ -->\n<title>Conferenciantes de la felicidad - Felicicat<\/title>\n<meta name=\"description\" content=\"Descubre nuestros conferenciantes especializados en felicidad y bienestar laboral. A feliciCat contamos con un equipo de expertos en psicolog\u00eda, liderazgo positivo y gesti\u00f3n del cambio, dedicados a inspirar y transformar organizaciones. Descubre como la felicidad puede impulsar el crecimiento y el \u00e9xito empresarial.\" \/>\n<meta name=\"robots\" content=\"index, follow, max-snippet:-1, max-image-preview:large, max-video-preview:-1\" \/>\n<link rel=\"canonical\" href=\"https:\/\/www.felicicat.cat\/es\/conferenciantes-de-la-felicidad\/\" \/>\n<meta property=\"og:locale\" content=\"es_ES\" \/>\n<meta property=\"og:type\" content=\"article\" \/>\n<meta property=\"og:title\" content=\"Conferenciantes de la felicidad - Felicicat\" \/>\n<meta property=\"og:description\" content=\"Descubre nuestros conferenciantes especializados en felicidad y bienestar laboral. A feliciCat contamos con un equipo de expertos en psicolog\u00eda, liderazgo positivo y gesti\u00f3n del cambio, dedicados a inspirar y transformar organizaciones. Descubre como la felicidad puede impulsar el crecimiento y el \u00e9xito empresarial.\" \/>\n<meta property=\"og:url\" content=\"https:\/\/www.felicicat.cat\/es\/conferenciantes-de-la-felicidad\/\" \/>\n<meta property=\"og:site_name\" content=\"Felicicat\" \/>\n<meta property=\"article:modified_time\" content=\"2026-02-26T18:19:54+00:00\" \/>\n<meta name=\"twitter:card\" content=\"summary_large_image\" \/>\n<meta name=\"twitter:label1\" content=\"Tiempo de lectura\" \/>\n\t<meta name=\"twitter:data1\" content=\"6 minutos\" \/>\n<script type=\"application\/ld+json\" class=\"yoast-schema-graph\">{\"@context\":\"https:\/\/schema.org\",\"@graph\":[{\"@type\":\"WebPage\",\"@id\":\"https:\/\/www.felicicat.cat\/es\/conferenciantes-de-la-felicidad\/\",\"url\":\"https:\/\/www.felicicat.cat\/es\/conferenciantes-de-la-felicidad\/\",\"name\":\"Conferenciantes de la felicidad - Felicicat\",\"isPartOf\":{\"@id\":\"https:\/\/www.felicicat.cat\/#website\"},\"datePublished\":\"2025-02-03T08:30:38+00:00\",\"dateModified\":\"2026-02-26T18:19:54+00:00\",\"description\":\"Descubre nuestros conferenciantes especializados en felicidad y bienestar laboral. A feliciCat contamos con un equipo de expertos en psicolog\u00eda, liderazgo positivo y gesti\u00f3n del cambio, dedicados a inspirar y transformar organizaciones. Descubre como la felicidad puede impulsar el crecimiento y el \u00e9xito empresarial.\",\"breadcrumb\":{\"@id\":\"https:\/\/www.felicicat.cat\/es\/conferenciantes-de-la-felicidad\/#breadcrumb\"},\"inLanguage\":\"es\",\"potentialAction\":[{\"@type\":\"ReadAction\",\"target\":[\"https:\/\/www.felicicat.cat\/es\/conferenciantes-de-la-felicidad\/\"]}]},{\"@type\":\"BreadcrumbList\",\"@id\":\"https:\/\/www.felicicat.cat\/es\/conferenciantes-de-la-felicidad\/#breadcrumb\",\"itemListElement\":[{\"@type\":\"ListItem\",\"position\":1,\"name\":\"Home\",\"item\":\"https:\/\/www.felicicat.cat\/es\/\"},{\"@type\":\"ListItem\",\"position\":2,\"name\":\"Conferenciantes de la felicidad\"}]},{\"@type\":\"WebSite\",\"@id\":\"https:\/\/www.felicicat.cat\/#website\",\"url\":\"https:\/\/www.felicicat.cat\/\",\"name\":\"Felicicat\",\"description\":\"Institut Catal\u00e0 de la felicitat\",\"publisher\":{\"@id\":\"https:\/\/www.felicicat.cat\/#organization\"},\"potentialAction\":[{\"@type\":\"SearchAction\",\"target\":{\"@type\":\"EntryPoint\",\"urlTemplate\":\"https:\/\/www.felicicat.cat\/?s={search_term_string}\"},\"query-input\":\"required name=search_term_string\"}],\"inLanguage\":\"es\"},{\"@type\":\"Organization\",\"@id\":\"https:\/\/www.felicicat.cat\/#organization\",\"name\":\"Felicicat\",\"url\":\"https:\/\/www.felicicat.cat\/\",\"logo\":{\"@type\":\"ImageObject\",\"inLanguage\":\"es\",\"@id\":\"https:\/\/www.felicicat.cat\/#\/schema\/logo\/image\/\",\"url\":\"https:\/\/www.felicicat.cat\/wp-content\/uploads\/2023\/11\/4_proveslogotipsfelicicatFINAL_Mesadetrabajo1.png\",\"contentUrl\":\"https:\/\/www.felicicat.cat\/wp-content\/uploads\/2023\/11\/4_proveslogotipsfelicicatFINAL_Mesadetrabajo1.png\",\"width\":1500,\"height\":195,\"caption\":\"Felicicat\"},\"image\":{\"@id\":\"https:\/\/www.felicicat.cat\/#\/schema\/logo\/image\/\"}}]}<\/script>\n<!-- \/ Yoast SEO plugin. -->","yoast_head_json":{"title":"Conferenciantes de la felicidad - Felicicat","description":"Descubre nuestros conferenciantes especializados en felicidad y bienestar laboral. A feliciCat contamos con un equipo de expertos en psicolog\u00eda, liderazgo positivo y gesti\u00f3n del cambio, dedicados a inspirar y transformar organizaciones. Descubre como la felicidad puede impulsar el crecimiento y el \u00e9xito empresarial.","robots":{"index":"index","follow":"follow","max-snippet":"max-snippet:-1","max-image-preview":"max-image-preview:large","max-video-preview":"max-video-preview:-1"},"canonical":"https:\/\/www.felicicat.cat\/es\/conferenciantes-de-la-felicidad\/","og_locale":"es_ES","og_type":"article","og_title":"Conferenciantes de la felicidad - Felicicat","og_description":"Descubre nuestros conferenciantes especializados en felicidad y bienestar laboral. A feliciCat contamos con un equipo de expertos en psicolog\u00eda, liderazgo positivo y gesti\u00f3n del cambio, dedicados a inspirar y transformar organizaciones. Descubre como la felicidad puede impulsar el crecimiento y el \u00e9xito empresarial.","og_url":"https:\/\/www.felicicat.cat\/es\/conferenciantes-de-la-felicidad\/","og_site_name":"Felicicat","article_modified_time":"2026-02-26T18:19:54+00:00","twitter_card":"summary_large_image","twitter_misc":{"Tiempo de lectura":"6 minutos"},"schema":{"@context":"https:\/\/schema.org","@graph":[{"@type":"WebPage","@id":"https:\/\/www.felicicat.cat\/es\/conferenciantes-de-la-felicidad\/","url":"https:\/\/www.felicicat.cat\/es\/conferenciantes-de-la-felicidad\/","name":"Conferenciantes de la felicidad - Felicicat","isPartOf":{"@id":"https:\/\/www.felicicat.cat\/#website"},"datePublished":"2025-02-03T08:30:38+00:00","dateModified":"2026-02-26T18:19:54+00:00","description":"Descubre nuestros conferenciantes especializados en felicidad y bienestar laboral. A feliciCat contamos con un equipo de expertos en psicolog\u00eda, liderazgo positivo y gesti\u00f3n del cambio, dedicados a inspirar y transformar organizaciones. Descubre como la felicidad puede impulsar el crecimiento y el \u00e9xito empresarial.","breadcrumb":{"@id":"https:\/\/www.felicicat.cat\/es\/conferenciantes-de-la-felicidad\/#breadcrumb"},"inLanguage":"es","potentialAction":[{"@type":"ReadAction","target":["https:\/\/www.felicicat.cat\/es\/conferenciantes-de-la-felicidad\/"]}]},{"@type":"BreadcrumbList","@id":"https:\/\/www.felicicat.cat\/es\/conferenciantes-de-la-felicidad\/#breadcrumb","itemListElement":[{"@type":"ListItem","position":1,"name":"Home","item":"https:\/\/www.felicicat.cat\/es\/"},{"@type":"ListItem","position":2,"name":"Conferenciantes de la felicidad"}]},{"@type":"WebSite","@id":"https:\/\/www.felicicat.cat\/#website","url":"https:\/\/www.felicicat.cat\/","name":"Felicicat","description":"Institut Catal\u00e0 de la felicitat","publisher":{"@id":"https:\/\/www.felicicat.cat\/#organization"},"potentialAction":[{"@type":"SearchAction","target":{"@type":"EntryPoint","urlTemplate":"https:\/\/www.felicicat.cat\/?s={search_term_string}"},"query-input":"required name=search_term_string"}],"inLanguage":"es"},{"@type":"Organization","@id":"https:\/\/www.felicicat.cat\/#organization","name":"Felicicat","url":"https:\/\/www.felicicat.cat\/","logo":{"@type":"ImageObject","inLanguage":"es","@id":"https:\/\/www.felicicat.cat\/#\/schema\/logo\/image\/","url":"https:\/\/www.felicicat.cat\/wp-content\/uploads\/2023\/11\/4_proveslogotipsfelicicatFINAL_Mesadetrabajo1.png","contentUrl":"https:\/\/www.felicicat.cat\/wp-content\/uploads\/2023\/11\/4_proveslogotipsfelicicatFINAL_Mesadetrabajo1.png","width":1500,"height":195,"caption":"Felicicat"},"image":{"@id":"https:\/\/www.felicicat.cat\/#\/schema\/logo\/image\/"}}]}},"uagb_featured_image_src":{"full":false,"thumbnail":false,"medium":false,"medium_large":false,"large":false,"1536x1536":false,"2048x2048":false,"woocommerce_thumbnail":false,"woocommerce_single":false,"woocommerce_gallery_thumbnail":false,"lightbox":false,"search_results":false,"blog_entry":false,"blog_post":false,"blog_post_full":false,"blog_related":false,"portfolio_entry":false,"portfolio_post":false,"portfolio_related":false,"staff_entry":false,"staff_post":false,"staff_related":false,"testimonials_entry":false,"shop_catalog":false,"shop_single":false,"shop_single_thumbnail":false,"shop_category":false,"shop_thumbnail_cart":false,"gallery":false},"uagb_author_info":{"display_name":"edu","author_link":"https:\/\/www.felicicat.cat\/es\/author\/edu\/"},"uagb_comment_info":0,"uagb_excerpt":"[vc_row full_width=\u00bbstretch_row\u00bb remove_bottom_col_margin=\u00bbtrue\u00bb css=\u00bb.vc_custom_1702373524986{padding-top: 4% !important;padding-bottom: 4% !important;background-color: #f6f6f6 !important;}\u00bb][vc_column][\/vc_column][\/vc_row][vc_section css=\u00bb.vc_custom_1701677504036{padding-top: 7% !important;padding-bottom: 4% !important;}\u00bb][vc_row full_width=\u00bbstretch_row\u00bb content_placement=\u00bbmiddle\u00bb column_spacing=\u00bb30&#8243; bg_style=\u00bbstretch\u00bb][vc_column width=\u00bb1\/2&#8243;][vc_column_text]Alex es Doctor en Psicolog\u00eda (cum laude), tiene un\u00a0M\u00e1ster en Psicolog\u00eda Positiva Aplicada\u00a0(Universitat Jaume I) y un\u00a0M\u00e1ster en Investigaci\u00f3n e intervenci\u00f3n Psicosocial (Universitat Aut\u00f2noma de Barcelona) donde le fue otorgada la Matr\u00edcula de Honor. Es profesor&hellip;","_links":{"self":[{"href":"https:\/\/www.felicicat.cat\/es\/wp-json\/wp\/v2\/pages\/13027"}],"collection":[{"href":"https:\/\/www.felicicat.cat\/es\/wp-json\/wp\/v2\/pages"}],"about":[{"href":"https:\/\/www.felicicat.cat\/es\/wp-json\/wp\/v2\/types\/page"}],"author":[{"embeddable":true,"href":"https:\/\/www.felicicat.cat\/es\/wp-json\/wp\/v2\/users\/2"}],"replies":[{"embeddable":true,"href":"https:\/\/www.felicicat.cat\/es\/wp-json\/wp\/v2\/comments?post=13027"}],"version-history":[{"count":16,"href":"https:\/\/www.felicicat.cat\/es\/wp-json\/wp\/v2\/pages\/13027\/revisions"}],"predecessor-version":[{"id":15805,"href":"https:\/\/www.felicicat.cat\/es\/wp-json\/wp\/v2\/pages\/13027\/revisions\/15805"}],"wp:attachment":[{"href":"https:\/\/www.felicicat.cat\/es\/wp-json\/wp\/v2\/media?parent=13027"}],"curies":[{"name":"wp","href":"https:\/\/api.w.org\/{rel}","templated":true}]}}